{"id":3656,"date":"2020-11-11T15:09:46","date_gmt":"2020-11-11T15:09:46","guid":{"rendered":"https:\/\/www.friedrich-spee-realschule-plus.de\/?page_id=3656"},"modified":"2025-12-08T16:29:57","modified_gmt":"2025-12-08T15:29:57","slug":"fuer-unsere-kommenden-5er","status":"publish","type":"page","link":"https:\/\/www.friedrich-spee-realschule-plus.de\/?page_id=3656","title":{"rendered":"F\u00fcr unsere kommenden 5er"},"content":{"rendered":"\n<h2 class=\"wp-block-heading\" id=\"das-sind-wir\"><strong><mark style=\"background-color:rgba(0, 0, 0, 0)\" class=\"has-inline-color has-vivid-green-cyan-color\">Fahrplan zur Schulwahl f\u00fcr unser zuk\u00fcnftigen F\u00fcnftkl\u00e4ssler:<\/mark><\/strong><\/h2>\n\n\n\n<p><\/p>\n\n\n\n<p>Individuelle Beratungstermine auf Anfrage<\/p>\n\n\n\n<hr class=\"wp-block-separator has-alpha-channel-opacity\"\/>\n\n\n\n<p style=\"font-size:30px\"><mark style=\"background-color:rgba(0, 0, 0, 0)\" class=\"has-inline-color has-vivid-green-cyan-color\"><strong>Informationen zur Anmeldung<\/strong><\/mark><\/p>\n\n\n\n<p>Anmeldungen f\u00fcr das&nbsp;<strong>zuk\u00fcnftige f\u00fcnfte Schuljahr<\/strong>&nbsp;nehmen wir unter Vorbehalt von&nbsp;<\/p>\n\n\n\n<h2 class=\"wp-block-heading has-text-align-center\"><strong><mark style=\"background-color:rgba(0, 0, 0, 0)\" class=\"has-inline-color has-vivid-red-color\">Montag, den 02.02.2026 bis Donnerstag, den 12.02.2026\u00a0<\/mark><\/strong><br><strong><mark style=\"background-color:rgba(0, 0, 0, 0)\" class=\"has-inline-color has-vivid-red-color\">und <\/mark><\/strong><br><strong><mark style=\"background-color:rgba(0, 0, 0, 0)\" class=\"has-inline-color has-vivid-red-color\">Donnerstag, den 19.02.2026 bis Freitag, den 27.02.2026\u00a0<\/mark><\/strong><\/h2>\n\n\n\n<p>entgegen. <\/p>\n\n\n\n<p>Sie k\u00f6nnen uns Ihre <strong>ausgef\u00fcllten<\/strong> <a href=\"https:\/\/www.friedrich-spee-realschule-plus.de\/wp-content\/uploads\/2025\/12\/2026-Anmeldebogen.pdf\" data-type=\"link\" data-id=\"https:\/\/www.friedrich-spee-realschule-plus.de\/wp-content\/uploads\/2024\/12\/2025-Anmeldebogen-FSR.pdf\" target=\"_blank\" rel=\"noreferrer noopener\">Anmeldeunterlagen<\/a> per Post oder E-Mail zukommen lassen, oder sie w\u00e4hrend der \u00d6ffnungszeiten Montag \u2013 Freitag 7:30 Uhr bis 12:00 Uhr nach vorheriger Terminabsprache 06507 92640 im Sekretariat.<\/p>\n\n\n\n<p>Folgende zus\u00e4tzlichen Unterlagen ben\u00f6tigen wir:<\/p>\n\n\n\n<ul class=\"wp-block-list\">\n<li>Halbjahreszeugnis Klasse 4<\/li>\n\n\n\n<li>Formulare der Grundschule zur Anmeldung an einer weiterf\u00fchrenden Schule (3 Bl\u00e4tter)<\/li>\n\n\n\n<li>Abstammungsurkunde<\/li>\n\n\n\n<li>Nachweis \u00fcber einen ausreichenden Masernschutz<\/li>\n\n\n\n<li>bei nicht-deutscher Staatsangeh\u00f6rigkeit die Aufenthaltsgenehmigung<\/li>\n<\/ul>\n\n\n\n<h1 class=\"wp-block-heading\">Hier stellen wir euch unsere Schule vor<\/h1>\n\n\n\n<figure class=\"wp-block-embed is-type-video is-provider-youtube wp-block-embed-youtube wp-embed-aspect-16-9 wp-has-aspect-ratio\"><div class=\"wp-block-embed__wrapper\">\n<iframe loading=\"lazy\" title=\"Imagefilm Friedrich-Spee-Realschule plus Neumagen-Dhron 2023\" width=\"900\" height=\"506\" src=\"https:\/\/www.youtube.com\/embed\/SzF1zmBZUi8?feature=oembed\" frameborder=\"0\" allow=\"accelerometer; autoplay; clipboard-write; encrypted-media; gyroscope; picture-in-picture; web-share\" referrerpolicy=\"strict-origin-when-cross-origin\" allowfullscreen><\/iframe>\n<\/div><\/figure>\n\n\n\n<p><\/p>\n\n\n\n<div class=\"wp-block-file\"><a id=\"wp-block-file--media-e8bd81c3-c927-4b44-b418-b5b79c1583ec\" href=\"https:\/\/www.friedrich-spee-realschule-plus.de\/wp-content\/uploads\/2024\/11\/GS-Praesentation-2024-im-Haus-Arbeitskopie.pptx\">GS Pr\u00e4sentation 2024 im Haus &#8211; Arbeitskopie<\/a><a href=\"https:\/\/www.friedrich-spee-realschule-plus.de\/wp-content\/uploads\/2024\/11\/GS-Praesentation-2024-im-Haus-Arbeitskopie.pptx\" class=\"wp-block-file__button wp-element-button\" download aria-describedby=\"wp-block-file--media-e8bd81c3-c927-4b44-b418-b5b79c1583ec\">Herunterladen<\/a><\/div>\n\n\n\n<hr class=\"wp-block-separator has-alpha-channel-opacity is-style-wide\"\/>\n\n\n\n<div style=\"height:60px\" aria-hidden=\"true\" class=\"wp-block-spacer\"><\/div>\n\n\n\n<h1 class=\"wp-block-heading\"><a href=\"https:\/\/www.friedrich-spee-realschule-plus.de\/wp-content\/uploads\/2025\/01\/2025-Mein-eigenes-Passwort-Neue-5er_2.pdf\" data-type=\"link\" data-id=\"https:\/\/www.friedrich-spee-realschule-plus.de\/wp-content\/uploads\/2025\/01\/2025-Mein-eigenes-Passwort-Neue-5er_2.pdf\" target=\"_blank\" rel=\"noreferrer noopener nofollow\">Dein schulisches Passwort<\/a><\/h1>\n\n\n\n<figure class=\"wp-block-embed is-type-video is-provider-youtube wp-block-embed-youtube wp-embed-aspect-16-9 wp-has-aspect-ratio\"><div class=\"wp-block-embed__wrapper\">\n<iframe loading=\"lazy\" title=\"Schulisches Passwort\" width=\"900\" height=\"506\" src=\"https:\/\/www.youtube.com\/embed\/yWo7n780MYU?feature=oembed\" frameborder=\"0\" allow=\"accelerometer; autoplay; clipboard-write; encrypted-media; gyroscope; picture-in-picture; web-share\" referrerpolicy=\"strict-origin-when-cross-origin\" allowfullscreen><\/iframe>\n<\/div><\/figure>\n","protected":false},"excerpt":{"rendered":"<p>Fahrplan zur Schulwahl f\u00fcr unser zuk\u00fcnftigen F\u00fcnftkl\u00e4ssler: Individuelle Beratungstermine auf Anfrage Informationen zur Anmeldung Anmeldungen f\u00fcr das&nbsp;zuk\u00fcnftige f\u00fcnfte Schuljahr&nbsp;nehmen wir unter Vorbehalt von&nbsp; Montag, den 02.02.2026 bis Donnerstag, den 12.02.2026\u00a0und Donnerstag, den 19.02.2026 bis Freitag, den 27.02.2026\u00a0 entgegen. Sie k\u00f6nnen uns Ihre ausgef\u00fcllten Anmeldeunterlagen per Post oder E-Mail zukommen lassen,&#8230;<\/p>\n<p> <a class=\"continue-reading-link\" href=\"https:\/\/www.friedrich-spee-realschule-plus.de\/?page_id=3656\"><span>Weiter lesen ?<\/span><i class=\"crycon-right-dir\"><\/i><\/a> <\/p>\n","protected":false},"author":1,"featured_media":0,"parent":0,"menu_order":0,"comment_status":"closed","ping_status":"closed","template":"","meta":{"footnotes":""},"class_list":["post-3656","page","type-page","status-publish","hentry"],"_links":{"self":[{"href":"https:\/\/www.friedrich-spee-realschule-plus.de\/index.php?rest_route=\/wp\/v2\/pages\/3656","targetHints":{"allow":["GET"]}}],"collection":[{"href":"https:\/\/www.friedrich-spee-realschule-plus.de\/index.php?rest_route=\/wp\/v2\/pages"}],"about":[{"href":"https:\/\/www.friedrich-spee-realschule-plus.de\/index.php?rest_route=\/wp\/v2\/types\/page"}],"author":[{"embeddable":true,"href":"https:\/\/www.friedrich-spee-realschule-plus.de\/index.php?rest_route=\/wp\/v2\/users\/1"}],"replies":[{"embeddable":true,"href":"https:\/\/www.friedrich-spee-realschule-plus.de\/index.php?rest_route=%2Fwp%2Fv2%2Fcomments&post=3656"}],"version-history":[{"count":48,"href":"https:\/\/www.friedrich-spee-realschule-plus.de\/index.php?rest_route=\/wp\/v2\/pages\/3656\/revisions"}],"predecessor-version":[{"id":5394,"href":"https:\/\/www.friedrich-spee-realschule-plus.de\/index.php?rest_route=\/wp\/v2\/pages\/3656\/revisions\/5394"}],"wp:attachment":[{"href":"https:\/\/www.friedrich-spee-realschule-plus.de\/index.php?rest_route=%2Fwp%2Fv2%2Fmedia&parent=3656"}],"curies":[{"name":"wp","href":"https:\/\/api.w.org\/{rel}","templated":true}]}}