{"id":3196,"date":"2020-03-21T20:34:07","date_gmt":"2020-03-21T20:34:07","guid":{"rendered":"https:\/\/www.friedrich-spee-realschule-plus.de\/?page_id=3196"},"modified":"2026-04-24T12:45:39","modified_gmt":"2026-04-24T10:45:39","slug":"downloads-2","status":"publish","type":"page","link":"https:\/\/www.friedrich-spee-realschule-plus.de\/?page_id=3196","title":{"rendered":"Downloads"},"content":{"rendered":"\n<hr class=\"wp-block-separator has-css-opacity is-style-wide\"\/>\n\n\n\n<h2 class=\"wp-block-heading\">Schule<\/h2>\n\n\n<div class=\"wp-block-image\">\n<figure class=\"alignleft is-resized\"><a href=\"https:\/\/realschuleplus.bildung-rp.de\/fileadmin\/_migrated\/content_uploads\/Broschuere_Realschule_plus_3__Auflage_Dez__2012.pdf\" target=\"_blank\" rel=\"noopener noreferrer\"><img loading=\"lazy\" decoding=\"async\" width=\"32\" height=\"32\" src=\"https:\/\/www.friedrich-spee-realschule-plus.de\/wp-content\/uploads\/2014\/10\/Globe-Link.png\" alt=\"Globe-Link\" class=\"wp-image-320\" style=\"width:32px;height:32px\"\/><\/a><\/figure>\n<\/div>\n\n\n<p><a title=\"Brosch\u00fcre zur Realschule plus\" rel=\"noopener noreferrer\" href=\"https:\/\/realschuleplus.bildung-rp.de\/fileadmin\/_migrated\/content_uploads\/Broschuere_Realschule_plus_3__Auflage_Dez__2012.pdf\" target=\"_blank\">Brosch\u00fcre zur Realschule plus<\/a><\/p>\n\n\n\n<hr class=\"wp-block-separator has-css-opacity is-style-wide\"\/>\n\n\n\n<h2 class=\"wp-block-heading\">Schulbuchlisten Schuljahr 2026-2027<\/h2>\n\n\n\n<p><\/p>\n\n\n<div class=\"su-row\">\n<div class=\"su-column su-column-size-1-2\"><div class=\"su-column-inner su-u-clearfix su-u-trim\">\n<p><img loading=\"lazy\" decoding=\"async\" class=\"alignnone wp-image-321 size-full\" src=\"https:\/\/www.friedrich-spee-realschule-plus.de\/wp-content\/uploads\/2016\/11\/icon-pdf.png\" alt=\"file_extension_pdf\" width=\"32\" height=\"32\">&nbsp; <a href=\"https:\/\/www.friedrich-spee-realschule-plus.de\/wp-content\/uploads\/2026\/04\/2026-27-Buecherliste-5.pdf\" target=\"_blank\" rel=\"noopener noreferrer\">Klasse 5<\/a><\/p>\n<p><img loading=\"lazy\" decoding=\"async\" class=\"alignnone wp-image-321 size-full\" src=\"https:\/\/www.friedrich-spee-realschule-plus.de\/wp-content\/uploads\/2016\/11\/icon-pdf.png\" alt=\"file_extension_pdf\" width=\"32\" height=\"32\">&nbsp; <a href=\"https:\/\/www.friedrich-spee-realschule-plus.de\/wp-content\/uploads\/2026\/04\/2026-27-Buecherliste-6.pdf\" target=\"_blank\" rel=\"noopener noreferrer\">Klasse 6<\/a><\/p>\n<p><img loading=\"lazy\" decoding=\"async\" class=\"alignnone wp-image-321 size-full\" src=\"https:\/\/www.friedrich-spee-realschule-plus.de\/wp-content\/uploads\/2016\/11\/icon-pdf.png\" alt=\"file_extension_pdf\" width=\"32\" height=\"32\">&nbsp; <a href=\"https:\/\/www.friedrich-spee-realschule-plus.de\/wp-content\/uploads\/2026\/04\/2026-27-Buecherliste-7-BR.pdf\" target=\"_blank\" rel=\"noopener noreferrer\">Klasse 7 Berufsreife<\/a><\/p>\n<p><img loading=\"lazy\" decoding=\"async\" class=\"alignnone wp-image-321 size-full\" src=\"https:\/\/www.friedrich-spee-realschule-plus.de\/wp-content\/uploads\/2016\/11\/icon-pdf.png\" alt=\"file_extension_pdf\" width=\"32\" height=\"32\">&nbsp; <a href=\"https:\/\/www.friedrich-spee-realschule-plus.de\/wp-content\/uploads\/2026\/04\/2026-27-Buecherliste-7-SEK.pdf\" target=\"_blank\" rel=\"noopener noreferrer\">Klasse 7 Sek. 1<\/a><\/p>\n<\/div><\/div>\n<div class=\"su-column su-column-size-1-2\"><div class=\"su-column-inner su-u-clearfix su-u-trim\">\n<p><img loading=\"lazy\" decoding=\"async\" class=\"alignnone wp-image-321 size-full\" src=\"https:\/\/www.friedrich-spee-realschule-plus.de\/wp-content\/uploads\/2016\/11\/icon-pdf.png\" alt=\"file_extension_pdf\" width=\"32\" height=\"32\">&nbsp; <a href=\"https:\/\/www.friedrich-spee-realschule-plus.de\/wp-content\/uploads\/2026\/04\/2026-27-Buecherliste-8-BR.pdf\" target=\"_blank\" rel=\"noopener noreferrer\">Klasse&nbsp;8&nbsp; Berufsreife<\/a><\/p>\n<p><img loading=\"lazy\" decoding=\"async\" class=\"alignnone wp-image-321 size-full\" src=\"https:\/\/www.friedrich-spee-realschule-plus.de\/wp-content\/uploads\/2016\/11\/icon-pdf.png\" alt=\"file_extension_pdf\" width=\"32\" height=\"32\">&nbsp; <a href=\"https:\/\/www.friedrich-spee-realschule-plus.de\/wp-content\/uploads\/2026\/04\/2026-27-Buecherliste-8-SEK.pdf\" target=\"_blank\" rel=\"noopener noreferrer\">Klasse&nbsp;8&nbsp; Sek. 1<\/a><\/p>\n<p><img loading=\"lazy\" decoding=\"async\" class=\"alignnone wp-image-321 size-full\" src=\"https:\/\/www.friedrich-spee-realschule-plus.de\/wp-content\/uploads\/2016\/11\/icon-pdf.png\" alt=\"file_extension_pdf\" width=\"32\" height=\"32\">&nbsp; <a href=\"https:\/\/www.friedrich-spee-realschule-plus.de\/wp-content\/uploads\/2026\/04\/2026-27-Buecherliste-9-BR.pdf\" target=\"_blank\" rel=\"noopener noreferrer\">Klasse&nbsp;9&nbsp; Berufsreife<\/a><\/p>\n<p><img loading=\"lazy\" decoding=\"async\" class=\"alignnone wp-image-321 size-full\" src=\"https:\/\/www.friedrich-spee-realschule-plus.de\/wp-content\/uploads\/2016\/11\/icon-pdf.png\" alt=\"file_extension_pdf\" width=\"32\" height=\"32\">&nbsp; <a href=\"https:\/\/www.friedrich-spee-realschule-plus.de\/wp-content\/uploads\/2026\/04\/2026-27-Buecherliste-9-SEK.pdf\" target=\"_blank\" rel=\"noopener noreferrer\">Klasse&nbsp;9&nbsp; Sek. 1<\/a><\/p>\n<p><img loading=\"lazy\" decoding=\"async\" class=\"alignnone wp-image-321 size-full\" src=\"https:\/\/www.friedrich-spee-realschule-plus.de\/wp-content\/uploads\/2016\/11\/icon-pdf.png\" alt=\"file_extension_pdf\" width=\"32\" height=\"32\">&nbsp; <a href=\"https:\/\/www.friedrich-spee-realschule-plus.de\/wp-content\/uploads\/2026\/04\/2026-27-Buecherliste-10-SEK.pdf\" target=\"_blank\" rel=\"noopener noreferrer\">Klasse&nbsp;10&nbsp; Sek. 1<\/a><\/p>\n<\/div><\/div>\n<\/div>\n\n\n\n<div style=\"height:60px\" aria-hidden=\"true\" class=\"wp-block-spacer\"><\/div>\n\n\n\n<p><\/p>\n\n\n\n<hr class=\"wp-block-separator has-css-opacity is-style-wide\"\/>\n\n\n\n<h2 class=\"wp-block-heading\">F\u00f6rderverein<\/h2>\n\n\n<div class=\"su-row\">\n<div class=\"su-column su-column-size-1-2\"><div class=\"su-column-inner su-u-clearfix su-u-trim\">\n<p><img loading=\"lazy\" decoding=\"async\" class=\"alignnone wp-image-321 size-full\" src=\"https:\/\/www.friedrich-spee-realschule-plus.de\/wp-content\/uploads\/2016\/11\/icon-pdf.png\" alt=\"file_extension_pdf\" width=\"32\" height=\"32\">&nbsp; <a href=\"https:\/\/www.friedrich-spee-realschule-plus.de\/wp-content\/uploads\/2015\/06\/Beitrittserklaerung_Eltern_Foerderverein-neu.pdf\" target=\"_blank\" rel=\"noopener noreferrer\">Beitrittserkl\u00e4rung F\u00f6rderverein PDF<\/a><\/p>\n<\/div><\/div>\n<div class=\"su-column su-column-size-1-2\"><div class=\"su-column-inner su-u-clearfix su-u-trim\">\n<\/div><\/div>\n<\/div>\n\n\n\n<p><\/p>\n\n\n<div class=\"su-row\">\n<div class=\"su-column su-column-size-1-2\"><div class=\"su-column-inner su-u-clearfix su-u-trim\">\n<p><img loading=\"lazy\" decoding=\"async\" class=\"alignnone wp-image-321 size-full\" src=\"https:\/\/www.friedrich-spee-realschule-plus.de\/wp-content\/uploads\/2016\/11\/icon-pdf.png\" alt=\"file_extension_pdf\" width=\"32\" height=\"32\">&nbsp; <a href=\"https:\/\/www.friedrich-spee-realschule-plus.de\/wp-content\/uploads\/2015\/06\/Beitrittserklaerung_Eltern_Foerderverein-neu-akt.pdf\" target=\"_blank\" rel=\"noopener noreferrer\">Beitrittserkl\u00e4rung F\u00f6rderverein aktives PDF zum direkten Ausf\u00fcllen und Ausdrucken<\/a><\/p>\n<\/div><\/div>\n<div class=\"su-column su-column-size-1-2\"><div class=\"su-column-inner su-u-clearfix su-u-trim\">\n<\/div><\/div>\n<\/div>\n\n\n\n<div style=\"height:60px\" aria-hidden=\"true\" class=\"wp-block-spacer\"><\/div>\n\n\n\n<hr class=\"wp-block-separator has-css-opacity is-style-wide\"\/>\n\n\n\n<h2 class=\"wp-block-heading\">Eltern<\/h2>\n\n\n<div class=\"su-row\">\n<div class=\"su-column su-column-size-1-2\"><div class=\"su-column-inner su-u-clearfix su-u-trim\">\n<p><img loading=\"lazy\" decoding=\"async\" class=\"alignnone wp-image-321 size-full\" src=\"https:\/\/www.friedrich-spee-realschule-plus.de\/wp-content\/uploads\/2016\/11\/icon-pdf.png\" alt=\"file_extension_pdf\" width=\"32\" height=\"32\">&nbsp; <a href=\"https:\/\/www.friedrich-spee-realschule-plus.de\/wp-content\/uploads\/2014\/10\/Regelungen_zur_Elternvertretung.pdf\" target=\"_blank\" rel=\"noopener noreferrer\">Regelungen zur Elternvertretung<\/a><\/p>\n<\/div><\/div>\n<div class=\"su-column su-column-size-1-2\"><div class=\"su-column-inner su-u-clearfix su-u-trim\">\n<\/div><\/div>\n<\/div>\n\n\n\n<div style=\"height:60px\" aria-hidden=\"true\" class=\"wp-block-spacer\"><\/div>\n\n\n\n<hr class=\"wp-block-separator has-css-opacity is-style-wide\"\/>\n\n\n\n<h2 class=\"wp-block-heading\">Software<\/h2>\n\n\n\n<h3 class=\"wp-block-heading\"><strong>G-DATA Internet Security<\/strong><\/h3>\n\n\n\n<p>Sch\u00fcler und Lehrer der Friedrich-Spee-Realschule plus Neumagen-Dhron k\u00f6nnen ab sofort das Antivirenprogramm &#8222;GData InternetSecurity 2016&#8220; kostenfrei \u00fcber die Schule beziehen. Die Nutzung ist auch am privaten Bereich gestattet.<\/p>\n\n\n\n<p>Zum Betrieb der Software werden noch Lizenzdaten bzw. -informationen ben\u00f6tigt.<br>Sie erhalten die schulspezifischen Zugangsdaten gegen Abgabe der ausgef\u00fcllten und unterzeichneten Einwilligungserkl\u00e4rung im Sekretariat der Schule.<\/p>\n\n\n<div class=\"wp-block-image\">\n<figure class=\"alignleft\"><a href=\"https:\/\/www.friedrich-spee-realschule-plus.de\/wp-content\/uploads\/2016\/11\/icon-pdf.png\" target=\"_blank\" rel=\"noopener noreferrer\"><img loading=\"lazy\" decoding=\"async\" width=\"32\" height=\"32\" src=\"https:\/\/www.friedrich-spee-realschule-plus.de\/wp-content\/uploads\/2016\/11\/icon-pdf.png\" alt=\"\" class=\"wp-image-1640\"\/><\/a><\/figure>\n<\/div>\n\n\n<p class=\"alignnone\"> <a href=\"https:\/\/www.friedrich-spee-realschule-plus.de\/wp-content\/uploads\/2016\/11\/GDATA-Nutzungsbedingungen_GDATA-FSR.pdf\" target=\"_blank\" rel=\"noopener noreferrer\">GDATA &#8211; Nutzungsbedingungen und Einwilligung<\/a><\/p>\n\n\n\n<hr class=\"wp-block-separator has-css-opacity is-style-wide\"\/>\n\n\n\n<h2 class=\"wp-block-heading\">Download Links<\/h2>\n\n\n\n<p><strong>F\u00fcr Windows:<\/strong><br><a href=\"https:\/\/secure.gd\/dl-de-is\" target=\"_blank\" rel=\"noopener noreferrer\">G DATA &#8211; Internet Security &#8211; Installationsdatei<\/a><\/p>\n\n\n\n<p><a href=\"https:\/\/www.friedrich-spee-realschule-plus.de\/wp-content\/uploads\/2016\/11\/GDATA-Hinweise-und-Installation.pdf\" target=\"_blank\" rel=\"noopener noreferrer\"><span style=\"color: #000000;\"><strong><span style=\"color: #ff0000;\">G DATA &#8211; Wichtig &#8211;&nbsp;<\/span> Installationsanleitung unbedingt beachten!<br><\/strong><\/span><\/a><\/p>\n\n\n\n<p><strong>F\u00fcr Mac OSX:<\/strong><br><a href=\"https:\/\/secure.gd\/dl-avmac\" target=\"_blank\" rel=\"noopener noreferrer\">G DATA &#8211; Internet Security &#8211; Installationsdatei<\/a><\/p>\n\n\n\n<p><span style=\"color: #000000;\"><a style=\"color: #000000;\" href=\"https:\/\/www.friedrich-spee-realschule-plus.de\/wp-content\/uploads\/2016\/11\/GDATA-Hinweise-und-Installation.pdf\" target=\"_blank\" rel=\"noopener noreferrer\"><strong><span style=\"color: #ff0000;\">G DATA &#8211; Wichtig &#8211;&nbsp;<\/span> Installationsanleitung unbedingt beachten!<br><\/strong><\/a><\/span><\/p>\n\n\n\n<p><\/p>\n","protected":false},"excerpt":{"rendered":"<p>Schule Brosch\u00fcre zur Realschule plus Schulbuchlisten Schuljahr 2026-2027 F\u00f6rderverein Eltern Software G-DATA Internet Security Sch\u00fcler und Lehrer der Friedrich-Spee-Realschule plus Neumagen-Dhron k\u00f6nnen ab sofort das Antivirenprogramm &#8222;GData InternetSecurity 2016&#8220; kostenfrei \u00fcber die Schule beziehen. Die Nutzung ist auch am privaten Bereich gestattet. Zum Betrieb der Software werden noch Lizenzdaten bzw&#8230;.<\/p>\n<p> <a class=\"continue-reading-link\" href=\"https:\/\/www.friedrich-spee-realschule-plus.de\/?page_id=3196\"><span>Weiter lesen ?<\/span><i class=\"crycon-right-dir\"><\/i><\/a> <\/p>\n","protected":false},"author":1,"featured_media":0,"parent":465,"menu_order":0,"comment_status":"closed","ping_status":"closed","template":"templates\/template-twocolumns-right.php","meta":{"footnotes":""},"class_list":["post-3196","page","type-page","status-publish","hentry"],"_links":{"self":[{"href":"https:\/\/www.friedrich-spee-realschule-plus.de\/index.php?rest_route=\/wp\/v2\/pages\/3196","targetHints":{"allow":["GET"]}}],"collection":[{"href":"https:\/\/www.friedrich-spee-realschule-plus.de\/index.php?rest_route=\/wp\/v2\/pages"}],"about":[{"href":"https:\/\/www.friedrich-spee-realschule-plus.de\/index.php?rest_route=\/wp\/v2\/types\/page"}],"author":[{"embeddable":true,"href":"https:\/\/www.friedrich-spee-realschule-plus.de\/index.php?rest_route=\/wp\/v2\/users\/1"}],"replies":[{"embeddable":true,"href":"https:\/\/www.friedrich-spee-realschule-plus.de\/index.php?rest_route=%2Fwp%2Fv2%2Fcomments&post=3196"}],"version-history":[{"count":28,"href":"https:\/\/www.friedrich-spee-realschule-plus.de\/index.php?rest_route=\/wp\/v2\/pages\/3196\/revisions"}],"predecessor-version":[{"id":5540,"href":"https:\/\/www.friedrich-spee-realschule-plus.de\/index.php?rest_route=\/wp\/v2\/pages\/3196\/revisions\/5540"}],"up":[{"embeddable":true,"href":"https:\/\/www.friedrich-spee-realschule-plus.de\/index.php?rest_route=\/wp\/v2\/pages\/465"}],"wp:attachment":[{"href":"https:\/\/www.friedrich-spee-realschule-plus.de\/index.php?rest_route=%2Fwp%2Fv2%2Fmedia&parent=3196"}],"curies":[{"name":"wp","href":"https:\/\/api.w.org\/{rel}","templated":true}]}}