{"id":25,"date":"2014-10-18T09:05:52","date_gmt":"2014-10-18T09:05:52","guid":{"rendered":"http:\/\/fsr.holgerschwab.de\/?page_id=25"},"modified":"2021-05-17T11:11:59","modified_gmt":"2021-05-17T11:11:59","slug":"impressum","status":"publish","type":"page","link":"https:\/\/www.friedrich-spee-realschule-plus.de\/?page_id=25","title":{"rendered":"Impressum"},"content":{"rendered":"\n<p><strong>Friedrich-Spee-Realschule plus Neumagen-Dhron<\/strong><br>Balduinstra\u00dfe 15<br>54347 Neumagen-Dhron<br>Vertreten durch:<\/p>\n\n\n\n<p>Schulleitung: Mario Coss\u00e9<br>Kontakt:<\/p>\n\n\n\n<p>Telefon: 06507 \/ 92640<br>Fax: 06507 \/ 926420<br>E-Mail: <a href=\"&#x6d;&#x61;&#x69;&#x6c;&#116;&#111;&#58;&#105;nfo&#x40;&#x66;&#x73;&#x72;&#x6e;&#101;&#117;&#109;age&#x6e;&#x2e;&#x64;&#x65;\" target=\"_blank\" rel=\"noreferrer noopener\">&#105;n&#x66;o&#x40;f&#x73;&#114;&#x6e;&#101;&#x75;&#109;a&#x67;e&#x6e;&#46;&#x64;&#101;<\/a><\/p>\n\n\n\n<hr class=\"wp-block-separator\"\/>\n\n\n\n<h3 class=\"wp-block-heading\">Haftungshinweis<\/h3>\n\n\n\n<p>Die bereitgestellten Informationen in diesem Angebot wurden sorgf\u00e4ltig gepr\u00fcft und werden regelm\u00e4\u00dfig aktualisiert. Jedoch kann keine Garantie daf\u00fcr \u00fcbernommen werden, dass alle Angaben zu jeder Zeit vollst\u00e4ndig, richtig und in letzter Aktualit\u00e4t dargestellt sind. Dies gilt insbesondere f\u00fcr alle Verbindungen (&#8222;Links&#8220;) zu anderen Websites, auf die direkt oder indirekt verwiesen wird. Alle Angaben k\u00f6nnen ohne vorherige Ank\u00fcndigung erg\u00e4nzt, entfernt oder ge\u00e4ndert werden.<br>Entnehmen Sie weitere Informationen bitte dem <a href=\"https:\/\/www.friedrich-spee-realschule-plus.de\/?page_id=2200\">Haftungsausschluss<\/a>.<\/p>\n\n\n\n<h3 class=\"wp-block-heading\">Copyright<\/h3>\n\n\n\n<p>Eine Verwertung der urheberrechtlich gesch\u00fctzten Beitr\u00e4ge durch Vervielf\u00e4ltigung, Verbreitung auch in elektronischer Form sowie Speicherung in Datenbanksystemen bzw. Inter- oder Intranets ist ohne vorherige direkte oder konkludente Zustimmung unzul\u00e4ssig und strafbar, soweit sich aus dem Urhebergesetz nichts anderes ergibt.<\/p>\n\n\n\n<h3 class=\"wp-block-heading\">Streitschlichtung<\/h3>\n\n\n\n<p>Die Europ\u00e4ische Kommission stellt eine Plattform zur Online-Streitbeilegung (OS) bereit: <a href=\"https:\/\/ec.europa.eu\/consumers\/odr\" target=\"_blank\" rel=\"noopener\">https:\/\/ec.europa.eu\/consumers\/odr<\/a>.<br>Unsere E-Mail-Adresse finden Sie oben im Impressum.<\/p>\n\n\n\n<p><strong>Wir sind nicht bereit oder verpflichtet, an Streitbeilegungsverfahren vor einer Verbraucherschlichtungsstelle teilzunehmen.<\/strong><\/p>\n\n\n\n<hr class=\"wp-block-separator\"\/>\n\n\n\n<div align=\"left\">&nbsp;<\/div>\n\n\n\n<h3 class=\"wp-block-heading\">&nbsp;<\/h3>\n","protected":false},"excerpt":{"rendered":"<p>Friedrich-Spee-Realschule plus Neumagen-DhronBalduinstra\u00dfe 1554347 Neumagen-DhronVertreten durch: Schulleitung: Mario Coss\u00e9Kontakt: Telefon: 06507 \/ 92640Fax: 06507 \/ 926420E-Mail: &#105;&#x6e;f&#111;&#x40;f&#x73;&#x72;&#110;&#x65;u&#109;&#x61;g&#101;&#x6e;&#46;&#x64;e Haftungshinweis Die bereitgestellten Informationen in diesem Angebot wurden sorgf\u00e4ltig gepr\u00fcft und werden regelm\u00e4\u00dfig aktualisiert. Jedoch kann keine Garantie daf\u00fcr \u00fcbernommen werden, dass alle Angaben zu jeder Zeit vollst\u00e4ndig, richtig und in letzter Aktualit\u00e4t&#8230;<\/p>\n<p> <a class=\"continue-reading-link\" href=\"https:\/\/www.friedrich-spee-realschule-plus.de\/?page_id=25\"><span>Weiter lesen ?<\/span><i class=\"crycon-right-dir\"><\/i><\/a> <\/p>\n","protected":false},"author":1,"featured_media":0,"parent":0,"menu_order":0,"comment_status":"closed","ping_status":"closed","template":"","meta":{"footnotes":""},"class_list":["post-25","page","type-page","status-publish","hentry"],"_links":{"self":[{"href":"https:\/\/www.friedrich-spee-realschule-plus.de\/index.php?rest_route=\/wp\/v2\/pages\/25","targetHints":{"allow":["GET"]}}],"collection":[{"href":"https:\/\/www.friedrich-spee-realschule-plus.de\/index.php?rest_route=\/wp\/v2\/pages"}],"about":[{"href":"https:\/\/www.friedrich-spee-realschule-plus.de\/index.php?rest_route=\/wp\/v2\/types\/page"}],"author":[{"embeddable":true,"href":"https:\/\/www.friedrich-spee-realschule-plus.de\/index.php?rest_route=\/wp\/v2\/users\/1"}],"replies":[{"embeddable":true,"href":"https:\/\/www.friedrich-spee-realschule-plus.de\/index.php?rest_route=%2Fwp%2Fv2%2Fcomments&post=25"}],"version-history":[{"count":12,"href":"https:\/\/www.friedrich-spee-realschule-plus.de\/index.php?rest_route=\/wp\/v2\/pages\/25\/revisions"}],"predecessor-version":[{"id":3840,"href":"https:\/\/www.friedrich-spee-realschule-plus.de\/index.php?rest_route=\/wp\/v2\/pages\/25\/revisions\/3840"}],"wp:attachment":[{"href":"https:\/\/www.friedrich-spee-realschule-plus.de\/index.php?rest_route=%2Fwp%2Fv2%2Fmedia&parent=25"}],"curies":[{"name":"wp","href":"https:\/\/api.w.org\/{rel}","templated":true}]}}