{"id":1539,"date":"2016-09-20T19:54:55","date_gmt":"2016-09-20T19:54:55","guid":{"rendered":"http:\/\/www.friedrich-spee-realschule-plus.de\/?page_id=1539"},"modified":"2024-08-27T12:44:54","modified_gmt":"2024-08-27T10:44:54","slug":"schuelerpaten-2016","status":"publish","type":"page","link":"https:\/\/www.friedrich-spee-realschule-plus.de\/?page_id=1539","title":{"rendered":"Neuigkeiten"},"content":{"rendered":"\n<p>Mit dem Gewinner-Team vom Doing-Good-Challenge in Wilhelmshaven<\/p>\n\n\n\n<figure class=\"wp-block-image size-large\"><img loading=\"lazy\" decoding=\"async\" width=\"1440\" height=\"1080\" src=\"https:\/\/www.friedrich-spee-realschule-plus.de\/wp-content\/uploads\/2024\/08\/Gewinner-Team-beim-Besuch-in-Wilhelmshafen-1440x1080.jpg\" alt=\"\" class=\"wp-image-5071\" srcset=\"https:\/\/www.friedrich-spee-realschule-plus.de\/wp-content\/uploads\/2024\/08\/Gewinner-Team-beim-Besuch-in-Wilhelmshafen-1440x1080.jpg 1440w, https:\/\/www.friedrich-spee-realschule-plus.de\/wp-content\/uploads\/2024\/08\/Gewinner-Team-beim-Besuch-in-Wilhelmshafen-300x225.jpg 300w, https:\/\/www.friedrich-spee-realschule-plus.de\/wp-content\/uploads\/2024\/08\/Gewinner-Team-beim-Besuch-in-Wilhelmshafen-768x576.jpg 768w, https:\/\/www.friedrich-spee-realschule-plus.de\/wp-content\/uploads\/2024\/08\/Gewinner-Team-beim-Besuch-in-Wilhelmshafen-1536x1152.jpg 1536w, https:\/\/www.friedrich-spee-realschule-plus.de\/wp-content\/uploads\/2024\/08\/Gewinner-Team-beim-Besuch-in-Wilhelmshafen-150x113.jpg 150w, https:\/\/www.friedrich-spee-realschule-plus.de\/wp-content\/uploads\/2024\/08\/Gewinner-Team-beim-Besuch-in-Wilhelmshafen.jpg 2048w\" sizes=\"auto, (max-width: 1440px) 100vw, 1440px\" \/><\/figure>\n\n\n\n<figure class=\"wp-block-image size-large is-resized\"><img loading=\"lazy\" decoding=\"async\" width=\"810\" height=\"1080\" src=\"https:\/\/www.friedrich-spee-realschule-plus.de\/wp-content\/uploads\/2024\/08\/Sunlight-Stars-810x1080.jpg\" alt=\"\" class=\"wp-image-5073\" style=\"width:327px;height:auto\"\/><\/figure>\n\n\n\n<figure class=\"wp-block-image size-full is-resized\"><img loading=\"lazy\" decoding=\"async\" width=\"1280\" height=\"720\" src=\"https:\/\/www.friedrich-spee-realschule-plus.de\/wp-content\/uploads\/2024\/08\/IMG_E3266.jpg\" alt=\"\" class=\"wp-image-5072\" style=\"width:588px;height:auto\" srcset=\"https:\/\/www.friedrich-spee-realschule-plus.de\/wp-content\/uploads\/2024\/08\/IMG_E3266.jpg 1280w, https:\/\/www.friedrich-spee-realschule-plus.de\/wp-content\/uploads\/2024\/08\/IMG_E3266-300x169.jpg 300w, https:\/\/www.friedrich-spee-realschule-plus.de\/wp-content\/uploads\/2024\/08\/IMG_E3266-768x432.jpg 768w, https:\/\/www.friedrich-spee-realschule-plus.de\/wp-content\/uploads\/2024\/08\/IMG_E3266-150x84.jpg 150w\" sizes=\"auto, (max-width: 1280px) 100vw, 1280px\" \/><\/figure>\n\n\n\n<p><\/p>\n\n\n\n<div class=\"wp-block-cover\" style=\"min-height:460px;aspect-ratio:unset;\"><span aria-hidden=\"true\" class=\"wp-block-cover__background has-background-dim\"><\/span><img loading=\"lazy\" decoding=\"async\" width=\"1440\" height=\"1080\" class=\"wp-block-cover__image-background wp-image-5070\" alt=\"\" src=\"https:\/\/www.friedrich-spee-realschule-plus.de\/wp-content\/uploads\/2024\/08\/Auftritt-Leiwen-Sunlight-Stars-1440x1080.jpg\" data-object-fit=\"cover\" srcset=\"https:\/\/www.friedrich-spee-realschule-plus.de\/wp-content\/uploads\/2024\/08\/Auftritt-Leiwen-Sunlight-Stars-1440x1080.jpg 1440w, https:\/\/www.friedrich-spee-realschule-plus.de\/wp-content\/uploads\/2024\/08\/Auftritt-Leiwen-Sunlight-Stars-300x225.jpg 300w, https:\/\/www.friedrich-spee-realschule-plus.de\/wp-content\/uploads\/2024\/08\/Auftritt-Leiwen-Sunlight-Stars-768x576.jpg 768w, https:\/\/www.friedrich-spee-realschule-plus.de\/wp-content\/uploads\/2024\/08\/Auftritt-Leiwen-Sunlight-Stars-1536x1152.jpg 1536w, https:\/\/www.friedrich-spee-realschule-plus.de\/wp-content\/uploads\/2024\/08\/Auftritt-Leiwen-Sunlight-Stars-150x113.jpg 150w, https:\/\/www.friedrich-spee-realschule-plus.de\/wp-content\/uploads\/2024\/08\/Auftritt-Leiwen-Sunlight-Stars-rotated.jpg 2000w\" sizes=\"auto, (max-width: 1440px) 100vw, 1440px\" \/><div class=\"wp-block-cover__inner-container is-layout-flow wp-block-cover-is-layout-flow\">\n<p class=\"has-text-align-center has-large-font-size\"><\/p>\n<\/div><\/div>\n\n\n\n<p>Die Sunlight Stars haben einen Auftritt in Leiwen \ud83d\ude42<\/p>\n\n\n\n<figure class=\"wp-block-image size-full is-resized\"><img loading=\"lazy\" decoding=\"async\" width=\"762\" height=\"308\" src=\"https:\/\/www.friedrich-spee-realschule-plus.de\/wp-content\/uploads\/2022\/04\/grafik-1.png\" alt=\"\" class=\"wp-image-4163\" style=\"width:821px;height:332px\" srcset=\"https:\/\/www.friedrich-spee-realschule-plus.de\/wp-content\/uploads\/2022\/04\/grafik-1.png 762w, https:\/\/www.friedrich-spee-realschule-plus.de\/wp-content\/uploads\/2022\/04\/grafik-1-300x121.png 300w, https:\/\/www.friedrich-spee-realschule-plus.de\/wp-content\/uploads\/2022\/04\/grafik-1-150x61.png 150w\" sizes=\"auto, (max-width: 762px) 100vw, 762px\" \/><figcaption class=\"wp-element-caption\">                                                                    <strong>  <mark style=\"background-color:rgba(0, 0, 0, 0)\" class=\"has-inline-color has-luminous-vivid-amber-color\">&#8222;Sunlight Stars&#8220;<\/mark><\/strong><\/figcaption><\/figure>\n\n\n\n<p>unser Super Chor \ud83d\ude42<\/p>\n\n\n\n<hr class=\"wp-block-separator has-css-opacity\"\/>\n\n\n\n<p><\/p>\n\n\n\n<p>Unser Mosaik-Projekt ist fertig. Drei Monate lang haben f\u00fcnf Sch\u00fcler der 7. Klassen an ihrem Mosaikbild gearbeitet. Jetzt hei\u00dfen die f\u00fcnf Sch\u00fcler (und die zwei Schulhunde) alle an der Schule herzlich willkommen.<\/p>\n\n\n\n<figure class=\"wp-block-image size-large\"><img loading=\"lazy\" decoding=\"async\" width=\"1440\" height=\"1080\" src=\"https:\/\/www.friedrich-spee-realschule-plus.de\/wp-content\/uploads\/2022\/03\/Mosaik-Projekt-Bild-15-1-1440x1080.jpg\" alt=\"\" class=\"wp-image-4063\" srcset=\"https:\/\/www.friedrich-spee-realschule-plus.de\/wp-content\/uploads\/2022\/03\/Mosaik-Projekt-Bild-15-1-1440x1080.jpg 1440w, https:\/\/www.friedrich-spee-realschule-plus.de\/wp-content\/uploads\/2022\/03\/Mosaik-Projekt-Bild-15-1-300x225.jpg 300w, https:\/\/www.friedrich-spee-realschule-plus.de\/wp-content\/uploads\/2022\/03\/Mosaik-Projekt-Bild-15-1-768x576.jpg 768w, https:\/\/www.friedrich-spee-realschule-plus.de\/wp-content\/uploads\/2022\/03\/Mosaik-Projekt-Bild-15-1-1536x1152.jpg 1536w, https:\/\/www.friedrich-spee-realschule-plus.de\/wp-content\/uploads\/2022\/03\/Mosaik-Projekt-Bild-15-1-150x113.jpg 150w, https:\/\/www.friedrich-spee-realschule-plus.de\/wp-content\/uploads\/2022\/03\/Mosaik-Projekt-Bild-15-1.jpg 2000w\" sizes=\"auto, (max-width: 1440px) 100vw, 1440px\" \/><figcaption class=\"wp-element-caption\">Das habt ihr ganz prima gemacht: Dominik, Nic, Max, Bartek, Alvaro<\/figcaption><\/figure>\n\n\n\n<p><\/p>\n\n\n\n<figure class=\"wp-block-image size-large is-resized\"><img loading=\"lazy\" decoding=\"async\" width=\"1407\" height=\"1080\" src=\"https:\/\/www.friedrich-spee-realschule-plus.de\/wp-content\/uploads\/2022\/03\/Mosaik-Projekt-Bild-14-1407x1080.jpg\" alt=\"\" class=\"wp-image-4050\" style=\"width:447px;height:342px\" srcset=\"https:\/\/www.friedrich-spee-realschule-plus.de\/wp-content\/uploads\/2022\/03\/Mosaik-Projekt-Bild-14-1407x1080.jpg 1407w, https:\/\/www.friedrich-spee-realschule-plus.de\/wp-content\/uploads\/2022\/03\/Mosaik-Projekt-Bild-14-300x230.jpg 300w, https:\/\/www.friedrich-spee-realschule-plus.de\/wp-content\/uploads\/2022\/03\/Mosaik-Projekt-Bild-14-768x590.jpg 768w, https:\/\/www.friedrich-spee-realschule-plus.de\/wp-content\/uploads\/2022\/03\/Mosaik-Projekt-Bild-14-1536x1179.jpg 1536w, https:\/\/www.friedrich-spee-realschule-plus.de\/wp-content\/uploads\/2022\/03\/Mosaik-Projekt-Bild-14-150x115.jpg 150w, https:\/\/www.friedrich-spee-realschule-plus.de\/wp-content\/uploads\/2022\/03\/Mosaik-Projekt-Bild-14.jpg 1954w\" sizes=\"auto, (max-width: 1407px) 100vw, 1407px\" \/><\/figure>\n\n\n\n<figure class=\"wp-block-image size-large is-resized\"><img loading=\"lazy\" decoding=\"async\" width=\"810\" height=\"1080\" src=\"https:\/\/www.friedrich-spee-realschule-plus.de\/wp-content\/uploads\/2022\/03\/Mosaik-Projekt-Bild-13-810x1080.jpg\" alt=\"\" class=\"wp-image-4049\" style=\"width:446px;height:594px\" srcset=\"https:\/\/www.friedrich-spee-realschule-plus.de\/wp-content\/uploads\/2022\/03\/Mosaik-Projekt-Bild-13-810x1080.jpg 810w, https:\/\/www.friedrich-spee-realschule-plus.de\/wp-content\/uploads\/2022\/03\/Mosaik-Projekt-Bild-13-225x300.jpg 225w, https:\/\/www.friedrich-spee-realschule-plus.de\/wp-content\/uploads\/2022\/03\/Mosaik-Projekt-Bild-13-768x1024.jpg 768w, https:\/\/www.friedrich-spee-realschule-plus.de\/wp-content\/uploads\/2022\/03\/Mosaik-Projekt-Bild-13-1152x1536.jpg 1152w, https:\/\/www.friedrich-spee-realschule-plus.de\/wp-content\/uploads\/2022\/03\/Mosaik-Projekt-Bild-13-113x150.jpg 113w, https:\/\/www.friedrich-spee-realschule-plus.de\/wp-content\/uploads\/2022\/03\/Mosaik-Projekt-Bild-13-rotated.jpg 1500w\" sizes=\"auto, (max-width: 810px) 100vw, 810px\" \/><figcaption class=\"wp-element-caption\">Nils hilft beim Festkleben.<\/figcaption><\/figure>\n\n\n\n<figure class=\"wp-block-image size-large is-resized\"><img loading=\"lazy\" decoding=\"async\" width=\"810\" height=\"1080\" src=\"https:\/\/www.friedrich-spee-realschule-plus.de\/wp-content\/uploads\/2022\/03\/Mosaik-Projekt-Bild-12-810x1080.jpg\" alt=\"\" class=\"wp-image-4048\" style=\"width:452px;height:602px\" srcset=\"https:\/\/www.friedrich-spee-realschule-plus.de\/wp-content\/uploads\/2022\/03\/Mosaik-Projekt-Bild-12-810x1080.jpg 810w, https:\/\/www.friedrich-spee-realschule-plus.de\/wp-content\/uploads\/2022\/03\/Mosaik-Projekt-Bild-12-225x300.jpg 225w, https:\/\/www.friedrich-spee-realschule-plus.de\/wp-content\/uploads\/2022\/03\/Mosaik-Projekt-Bild-12-768x1024.jpg 768w, https:\/\/www.friedrich-spee-realschule-plus.de\/wp-content\/uploads\/2022\/03\/Mosaik-Projekt-Bild-12-1152x1536.jpg 1152w, https:\/\/www.friedrich-spee-realschule-plus.de\/wp-content\/uploads\/2022\/03\/Mosaik-Projekt-Bild-12-113x150.jpg 113w, https:\/\/www.friedrich-spee-realschule-plus.de\/wp-content\/uploads\/2022\/03\/Mosaik-Projekt-Bild-12-rotated.jpg 1500w\" sizes=\"auto, (max-width: 810px) 100vw, 810px\" \/><figcaption class=\"wp-element-caption\">Die Bilder m\u00fcssen in die richtige Position gebracht und die Umrandung mit Bleistift fixiert werden.<\/figcaption><\/figure>\n\n\n\n<figure class=\"wp-block-image size-large is-resized\"><img loading=\"lazy\" decoding=\"async\" width=\"810\" height=\"1080\" src=\"https:\/\/www.friedrich-spee-realschule-plus.de\/wp-content\/uploads\/2022\/03\/Mosaik-Projekt-Bild-11-810x1080.jpg\" alt=\"\" class=\"wp-image-4047\" style=\"width:508px;height:677px\" srcset=\"https:\/\/www.friedrich-spee-realschule-plus.de\/wp-content\/uploads\/2022\/03\/Mosaik-Projekt-Bild-11-810x1080.jpg 810w, https:\/\/www.friedrich-spee-realschule-plus.de\/wp-content\/uploads\/2022\/03\/Mosaik-Projekt-Bild-11-225x300.jpg 225w, https:\/\/www.friedrich-spee-realschule-plus.de\/wp-content\/uploads\/2022\/03\/Mosaik-Projekt-Bild-11-768x1024.jpg 768w, https:\/\/www.friedrich-spee-realschule-plus.de\/wp-content\/uploads\/2022\/03\/Mosaik-Projekt-Bild-11-1152x1536.jpg 1152w, https:\/\/www.friedrich-spee-realschule-plus.de\/wp-content\/uploads\/2022\/03\/Mosaik-Projekt-Bild-11-113x150.jpg 113w, https:\/\/www.friedrich-spee-realschule-plus.de\/wp-content\/uploads\/2022\/03\/Mosaik-Projekt-Bild-11-rotated.jpg 1500w\" sizes=\"auto, (max-width: 810px) 100vw, 810px\" \/><\/figure>\n\n\n\n<figure class=\"wp-block-image size-large is-resized\"><img loading=\"lazy\" decoding=\"async\" width=\"810\" height=\"1080\" src=\"https:\/\/www.friedrich-spee-realschule-plus.de\/wp-content\/uploads\/2022\/03\/Mosaik-Projekt-Bild-10-810x1080.jpg\" alt=\"\" class=\"wp-image-4046\" style=\"width:502px;height:669px\" srcset=\"https:\/\/www.friedrich-spee-realschule-plus.de\/wp-content\/uploads\/2022\/03\/Mosaik-Projekt-Bild-10-810x1080.jpg 810w, https:\/\/www.friedrich-spee-realschule-plus.de\/wp-content\/uploads\/2022\/03\/Mosaik-Projekt-Bild-10-225x300.jpg 225w, https:\/\/www.friedrich-spee-realschule-plus.de\/wp-content\/uploads\/2022\/03\/Mosaik-Projekt-Bild-10-768x1024.jpg 768w, https:\/\/www.friedrich-spee-realschule-plus.de\/wp-content\/uploads\/2022\/03\/Mosaik-Projekt-Bild-10-1152x1536.jpg 1152w, https:\/\/www.friedrich-spee-realschule-plus.de\/wp-content\/uploads\/2022\/03\/Mosaik-Projekt-Bild-10-113x150.jpg 113w, https:\/\/www.friedrich-spee-realschule-plus.de\/wp-content\/uploads\/2022\/03\/Mosaik-Projekt-Bild-10-rotated.jpg 1500w\" sizes=\"auto, (max-width: 810px) 100vw, 810px\" \/><\/figure>\n\n\n\n<figure class=\"wp-block-image size-large is-resized\"><img loading=\"lazy\" decoding=\"async\" width=\"810\" height=\"1080\" src=\"https:\/\/www.friedrich-spee-realschule-plus.de\/wp-content\/uploads\/2022\/03\/Mosaik-Projekt-Bild-9-810x1080.jpg\" alt=\"\" class=\"wp-image-4045\" style=\"width:494px;height:659px\" srcset=\"https:\/\/www.friedrich-spee-realschule-plus.de\/wp-content\/uploads\/2022\/03\/Mosaik-Projekt-Bild-9-810x1080.jpg 810w, https:\/\/www.friedrich-spee-realschule-plus.de\/wp-content\/uploads\/2022\/03\/Mosaik-Projekt-Bild-9-225x300.jpg 225w, https:\/\/www.friedrich-spee-realschule-plus.de\/wp-content\/uploads\/2022\/03\/Mosaik-Projekt-Bild-9-768x1024.jpg 768w, https:\/\/www.friedrich-spee-realschule-plus.de\/wp-content\/uploads\/2022\/03\/Mosaik-Projekt-Bild-9-1152x1536.jpg 1152w, https:\/\/www.friedrich-spee-realschule-plus.de\/wp-content\/uploads\/2022\/03\/Mosaik-Projekt-Bild-9-113x150.jpg 113w, https:\/\/www.friedrich-spee-realschule-plus.de\/wp-content\/uploads\/2022\/03\/Mosaik-Projekt-Bild-9-rotated.jpg 1500w\" sizes=\"auto, (max-width: 810px) 100vw, 810px\" \/><figcaption class=\"wp-element-caption\">Tausende Mosaiksteine werden auf das Gitter geklebt.<\/figcaption><\/figure>\n\n\n\n<figure class=\"wp-block-image size-large is-resized\"><img loading=\"lazy\" decoding=\"async\" width=\"810\" height=\"1080\" src=\"https:\/\/www.friedrich-spee-realschule-plus.de\/wp-content\/uploads\/2022\/03\/Mosaik-Projekt-Bild-8-810x1080.jpg\" alt=\"\" class=\"wp-image-4044\" style=\"width:488px;height:651px\" srcset=\"https:\/\/www.friedrich-spee-realschule-plus.de\/wp-content\/uploads\/2022\/03\/Mosaik-Projekt-Bild-8-810x1080.jpg 810w, https:\/\/www.friedrich-spee-realschule-plus.de\/wp-content\/uploads\/2022\/03\/Mosaik-Projekt-Bild-8-225x300.jpg 225w, https:\/\/www.friedrich-spee-realschule-plus.de\/wp-content\/uploads\/2022\/03\/Mosaik-Projekt-Bild-8-768x1024.jpg 768w, https:\/\/www.friedrich-spee-realschule-plus.de\/wp-content\/uploads\/2022\/03\/Mosaik-Projekt-Bild-8-1152x1536.jpg 1152w, https:\/\/www.friedrich-spee-realschule-plus.de\/wp-content\/uploads\/2022\/03\/Mosaik-Projekt-Bild-8-113x150.jpg 113w, https:\/\/www.friedrich-spee-realschule-plus.de\/wp-content\/uploads\/2022\/03\/Mosaik-Projekt-Bild-8-rotated.jpg 1500w\" sizes=\"auto, (max-width: 810px) 100vw, 810px\" \/><figcaption class=\"wp-element-caption\">Alle Steine m\u00fcssen gereinigt werden.<\/figcaption><\/figure>\n\n\n\n<figure class=\"wp-block-image size-large is-resized\"><img loading=\"lazy\" decoding=\"async\" width=\"807\" height=\"1080\" src=\"https:\/\/www.friedrich-spee-realschule-plus.de\/wp-content\/uploads\/2022\/03\/Mosaik-Projekt-Bild-7-807x1080.jpg\" alt=\"\" class=\"wp-image-4043\" style=\"width:481px;height:645px\" srcset=\"https:\/\/www.friedrich-spee-realschule-plus.de\/wp-content\/uploads\/2022\/03\/Mosaik-Projekt-Bild-7-807x1080.jpg 807w, https:\/\/www.friedrich-spee-realschule-plus.de\/wp-content\/uploads\/2022\/03\/Mosaik-Projekt-Bild-7-224x300.jpg 224w, https:\/\/www.friedrich-spee-realschule-plus.de\/wp-content\/uploads\/2022\/03\/Mosaik-Projekt-Bild-7-768x1028.jpg 768w, https:\/\/www.friedrich-spee-realschule-plus.de\/wp-content\/uploads\/2022\/03\/Mosaik-Projekt-Bild-7-1147x1536.jpg 1147w, https:\/\/www.friedrich-spee-realschule-plus.de\/wp-content\/uploads\/2022\/03\/Mosaik-Projekt-Bild-7-112x150.jpg 112w, https:\/\/www.friedrich-spee-realschule-plus.de\/wp-content\/uploads\/2022\/03\/Mosaik-Projekt-Bild-7-rotated.jpg 1500w\" sizes=\"auto, (max-width: 807px) 100vw, 807px\" \/><figcaption class=\"wp-element-caption\">Die Silhuetten werden mit den Mosaiksteinen belegt.<\/figcaption><\/figure>\n\n\n\n<figure class=\"wp-block-image size-large is-resized\"><img loading=\"lazy\" decoding=\"async\" width=\"810\" height=\"1080\" src=\"https:\/\/www.friedrich-spee-realschule-plus.de\/wp-content\/uploads\/2022\/03\/Mosaik-Projekt-Bild-6-810x1080.jpg\" alt=\"\" class=\"wp-image-4042\" style=\"width:477px;height:636px\" srcset=\"https:\/\/www.friedrich-spee-realschule-plus.de\/wp-content\/uploads\/2022\/03\/Mosaik-Projekt-Bild-6-810x1080.jpg 810w, https:\/\/www.friedrich-spee-realschule-plus.de\/wp-content\/uploads\/2022\/03\/Mosaik-Projekt-Bild-6-225x300.jpg 225w, https:\/\/www.friedrich-spee-realschule-plus.de\/wp-content\/uploads\/2022\/03\/Mosaik-Projekt-Bild-6-768x1024.jpg 768w, https:\/\/www.friedrich-spee-realschule-plus.de\/wp-content\/uploads\/2022\/03\/Mosaik-Projekt-Bild-6-1152x1536.jpg 1152w, https:\/\/www.friedrich-spee-realschule-plus.de\/wp-content\/uploads\/2022\/03\/Mosaik-Projekt-Bild-6-113x150.jpg 113w, https:\/\/www.friedrich-spee-realschule-plus.de\/wp-content\/uploads\/2022\/03\/Mosaik-Projekt-Bild-6-rotated.jpg 1500w\" sizes=\"auto, (max-width: 810px) 100vw, 810px\" \/><figcaption class=\"wp-element-caption\">Jeder zeichnet die Silhuette seiner eigenen Person auf den liegenden Plakaten nach.<\/figcaption><\/figure>\n\n\n\n<figure class=\"wp-block-image size-large is-resized\"><img loading=\"lazy\" decoding=\"async\" width=\"810\" height=\"1080\" src=\"https:\/\/www.friedrich-spee-realschule-plus.de\/wp-content\/uploads\/2022\/03\/Mosaik-Projekt-Bild-5-810x1080.jpg\" alt=\"\" class=\"wp-image-4041\" style=\"width:468px;height:624px\" srcset=\"https:\/\/www.friedrich-spee-realschule-plus.de\/wp-content\/uploads\/2022\/03\/Mosaik-Projekt-Bild-5-810x1080.jpg 810w, https:\/\/www.friedrich-spee-realschule-plus.de\/wp-content\/uploads\/2022\/03\/Mosaik-Projekt-Bild-5-225x300.jpg 225w, https:\/\/www.friedrich-spee-realschule-plus.de\/wp-content\/uploads\/2022\/03\/Mosaik-Projekt-Bild-5-768x1024.jpg 768w, https:\/\/www.friedrich-spee-realschule-plus.de\/wp-content\/uploads\/2022\/03\/Mosaik-Projekt-Bild-5-1152x1536.jpg 1152w, https:\/\/www.friedrich-spee-realschule-plus.de\/wp-content\/uploads\/2022\/03\/Mosaik-Projekt-Bild-5-113x150.jpg 113w, https:\/\/www.friedrich-spee-realschule-plus.de\/wp-content\/uploads\/2022\/03\/Mosaik-Projekt-Bild-5-rotated.jpg 1500w\" sizes=\"auto, (max-width: 810px) 100vw, 810px\" \/><figcaption class=\"wp-element-caption\">Die Fotos werden an die Wand gebeamt und abgemalt.<\/figcaption><\/figure>\n\n\n\n<figure class=\"wp-block-image size-large is-resized\"><img loading=\"lazy\" decoding=\"async\" width=\"810\" height=\"1080\" src=\"https:\/\/www.friedrich-spee-realschule-plus.de\/wp-content\/uploads\/2022\/03\/Mosaik-Projekt-Bild-4-810x1080.jpg\" alt=\"\" class=\"wp-image-4040\" style=\"width:461px;height:614px\" srcset=\"https:\/\/www.friedrich-spee-realschule-plus.de\/wp-content\/uploads\/2022\/03\/Mosaik-Projekt-Bild-4-810x1080.jpg 810w, https:\/\/www.friedrich-spee-realschule-plus.de\/wp-content\/uploads\/2022\/03\/Mosaik-Projekt-Bild-4-225x300.jpg 225w, https:\/\/www.friedrich-spee-realschule-plus.de\/wp-content\/uploads\/2022\/03\/Mosaik-Projekt-Bild-4-768x1024.jpg 768w, https:\/\/www.friedrich-spee-realschule-plus.de\/wp-content\/uploads\/2022\/03\/Mosaik-Projekt-Bild-4-1152x1536.jpg 1152w, https:\/\/www.friedrich-spee-realschule-plus.de\/wp-content\/uploads\/2022\/03\/Mosaik-Projekt-Bild-4-113x150.jpg 113w, https:\/\/www.friedrich-spee-realschule-plus.de\/wp-content\/uploads\/2022\/03\/Mosaik-Projekt-Bild-4-rotated.jpg 1500w\" sizes=\"auto, (max-width: 810px) 100vw, 810px\" \/><\/figure>\n\n\n\n<figure class=\"wp-block-image size-large is-resized\"><img loading=\"lazy\" decoding=\"async\" width=\"897\" height=\"1080\" src=\"https:\/\/www.friedrich-spee-realschule-plus.de\/wp-content\/uploads\/2022\/03\/Mosaik-Projekt-Bild-3-897x1080.jpg\" alt=\"\" class=\"wp-image-4065\" style=\"width:449px;height:540px\" srcset=\"https:\/\/www.friedrich-spee-realschule-plus.de\/wp-content\/uploads\/2022\/03\/Mosaik-Projekt-Bild-3-897x1080.jpg 897w, https:\/\/www.friedrich-spee-realschule-plus.de\/wp-content\/uploads\/2022\/03\/Mosaik-Projekt-Bild-3-249x300.jpg 249w, https:\/\/www.friedrich-spee-realschule-plus.de\/wp-content\/uploads\/2022\/03\/Mosaik-Projekt-Bild-3-768x925.jpg 768w, https:\/\/www.friedrich-spee-realschule-plus.de\/wp-content\/uploads\/2022\/03\/Mosaik-Projekt-Bild-3-125x150.jpg 125w, https:\/\/www.friedrich-spee-realschule-plus.de\/wp-content\/uploads\/2022\/03\/Mosaik-Projekt-Bild-3.jpg 997w\" sizes=\"auto, (max-width: 897px) 100vw, 897px\" \/><figcaption class=\"wp-element-caption\">Tausende Steine werden nach Farben sortiert.<\/figcaption><\/figure>\n\n\n\n<figure class=\"wp-block-image size-large is-resized\"><img loading=\"lazy\" decoding=\"async\" width=\"810\" height=\"1080\" src=\"https:\/\/www.friedrich-spee-realschule-plus.de\/wp-content\/uploads\/2022\/03\/Mosaik-Projekt-Bild-1-810x1080.jpg\" alt=\"\" class=\"wp-image-4037\" style=\"width:444px;height:609px\" srcset=\"https:\/\/www.friedrich-spee-realschule-plus.de\/wp-content\/uploads\/2022\/03\/Mosaik-Projekt-Bild-1-810x1080.jpg 810w, https:\/\/www.friedrich-spee-realschule-plus.de\/wp-content\/uploads\/2022\/03\/Mosaik-Projekt-Bild-1-225x300.jpg 225w, https:\/\/www.friedrich-spee-realschule-plus.de\/wp-content\/uploads\/2022\/03\/Mosaik-Projekt-Bild-1-768x1024.jpg 768w, https:\/\/www.friedrich-spee-realschule-plus.de\/wp-content\/uploads\/2022\/03\/Mosaik-Projekt-Bild-1-113x150.jpg 113w, https:\/\/www.friedrich-spee-realschule-plus.de\/wp-content\/uploads\/2022\/03\/Mosaik-Projekt-Bild-1-rotated.jpg 1080w\" sizes=\"auto, (max-width: 810px) 100vw, 810px\" \/><figcaption class=\"wp-element-caption\">Ein gro\u00dfes Mosaik-Projekt entsteht. Wir bedanken uns sehr bei dem Lions-Club Wittlich LESURA f\u00fcr die freundliche Unterst\u00fctzung, mit der wir die wunderbaren Mosaiksteine kaufen konnten \ud83d\ude42<\/figcaption><\/figure>\n\n\n\n<hr class=\"wp-block-separator has-css-opacity\"\/>\n\n\n\n<hr class=\"wp-block-separator has-css-opacity\"\/>\n\n\n\n<p class=\"has-large-font-size\"><strong>Hallo ich bin Selly<\/strong><\/p>\n\n\n\n<p>ich werde der Schulbegleithund von Frau Hermanns und freue mich schon so sehr, bald in der Friedrich-Spee-Realschule plus Neumagen-Dhron meinen &#8222;Job&#8220; auszu\u00fcben.<\/p>\n\n\n\n<p>Ich bin ein Cavapoo und am 21.5.2020 geboren. Ich gehe schon flei\u00dfig in die Hundeschule und zeige mich da nur von meiner besten Seite! Au\u00dferdem mache ich flei\u00dfig meine Hausaufgaben, genau wie ihr \ud83d\ude42<\/p>\n\n\n\n<figure class=\"wp-block-image size-large\"><img loading=\"lazy\" decoding=\"async\" width=\"1439\" height=\"1080\" src=\"https:\/\/www.friedrich-spee-realschule-plus.de\/wp-content\/uploads\/2020\/11\/Schulhund-Selly-1439x1080.jpg\" alt=\"\" class=\"wp-image-3676\" srcset=\"https:\/\/www.friedrich-spee-realschule-plus.de\/wp-content\/uploads\/2020\/11\/Schulhund-Selly-1439x1080.jpg 1439w, https:\/\/www.friedrich-spee-realschule-plus.de\/wp-content\/uploads\/2020\/11\/Schulhund-Selly-300x225.jpg 300w, https:\/\/www.friedrich-spee-realschule-plus.de\/wp-content\/uploads\/2020\/11\/Schulhund-Selly-768x577.jpg 768w, https:\/\/www.friedrich-spee-realschule-plus.de\/wp-content\/uploads\/2020\/11\/Schulhund-Selly-1536x1153.jpg 1536w, https:\/\/www.friedrich-spee-realschule-plus.de\/wp-content\/uploads\/2020\/11\/Schulhund-Selly-150x113.jpg 150w, https:\/\/www.friedrich-spee-realschule-plus.de\/wp-content\/uploads\/2020\/11\/Schulhund-Selly.jpg 1998w\" sizes=\"auto, (max-width: 1439px) 100vw, 1439px\" \/><\/figure>\n\n\n\n<hr class=\"wp-block-separator has-css-opacity\"\/>\n\n\n\n<p><\/p>\n\n\n\n<p class=\"has-large-font-size\"><strong>Patenfeier der besonderen Art:<\/strong><\/p>\n\n\n\n<p>Alle F\u00fcnftkl\u00e4ssler haben ihren Paten kennengelernt. Auch wenn unter Hygienebedingungen keine Feier stattfinden konnte, wurde unter freiem Himmel jedem Kind aus den drei f\u00fcnften Klassen ein Pate\/eine Patin vermittelt. \u00dcber Whatsapp und Telefon kann jetzt der Kontakt gepflegt werden.<\/p>\n\n\n\n<figure class=\"wp-block-image size-large\"><img loading=\"lazy\" decoding=\"async\" width=\"1440\" height=\"1080\" src=\"https:\/\/www.friedrich-spee-realschule-plus.de\/wp-content\/uploads\/2020\/11\/Patenfeier-2020-Foto-4-1440x1080.jpeg\" alt=\"\" class=\"wp-image-3675\" srcset=\"https:\/\/www.friedrich-spee-realschule-plus.de\/wp-content\/uploads\/2020\/11\/Patenfeier-2020-Foto-4-1440x1080.jpeg 1440w, https:\/\/www.friedrich-spee-realschule-plus.de\/wp-content\/uploads\/2020\/11\/Patenfeier-2020-Foto-4-300x225.jpeg 300w, https:\/\/www.friedrich-spee-realschule-plus.de\/wp-content\/uploads\/2020\/11\/Patenfeier-2020-Foto-4-768x576.jpeg 768w, https:\/\/www.friedrich-spee-realschule-plus.de\/wp-content\/uploads\/2020\/11\/Patenfeier-2020-Foto-4-1536x1152.jpeg 1536w, https:\/\/www.friedrich-spee-realschule-plus.de\/wp-content\/uploads\/2020\/11\/Patenfeier-2020-Foto-4-150x113.jpeg 150w, https:\/\/www.friedrich-spee-realschule-plus.de\/wp-content\/uploads\/2020\/11\/Patenfeier-2020-Foto-4-rotated.jpeg 2000w\" sizes=\"auto, (max-width: 1440px) 100vw, 1440px\" \/><\/figure>\n\n\n\n<figure class=\"wp-block-image size-large\"><img loading=\"lazy\" decoding=\"async\" width=\"1440\" height=\"1080\" src=\"https:\/\/www.friedrich-spee-realschule-plus.de\/wp-content\/uploads\/2020\/11\/Patenfeier-2020-Foto-3-1440x1080.jpeg\" alt=\"\" class=\"wp-image-3674\" srcset=\"https:\/\/www.friedrich-spee-realschule-plus.de\/wp-content\/uploads\/2020\/11\/Patenfeier-2020-Foto-3-1440x1080.jpeg 1440w, https:\/\/www.friedrich-spee-realschule-plus.de\/wp-content\/uploads\/2020\/11\/Patenfeier-2020-Foto-3-300x225.jpeg 300w, https:\/\/www.friedrich-spee-realschule-plus.de\/wp-content\/uploads\/2020\/11\/Patenfeier-2020-Foto-3-768x576.jpeg 768w, https:\/\/www.friedrich-spee-realschule-plus.de\/wp-content\/uploads\/2020\/11\/Patenfeier-2020-Foto-3-1536x1152.jpeg 1536w, https:\/\/www.friedrich-spee-realschule-plus.de\/wp-content\/uploads\/2020\/11\/Patenfeier-2020-Foto-3-150x113.jpeg 150w, https:\/\/www.friedrich-spee-realschule-plus.de\/wp-content\/uploads\/2020\/11\/Patenfeier-2020-Foto-3.jpeg 2000w\" sizes=\"auto, (max-width: 1440px) 100vw, 1440px\" \/><\/figure>\n\n\n\n<figure class=\"wp-block-image size-large\"><img loading=\"lazy\" decoding=\"async\" width=\"1440\" height=\"1080\" src=\"https:\/\/www.friedrich-spee-realschule-plus.de\/wp-content\/uploads\/2020\/11\/Patenfeier-2020-Foto-2-1440x1080.jpeg\" alt=\"\" class=\"wp-image-3673\" srcset=\"https:\/\/www.friedrich-spee-realschule-plus.de\/wp-content\/uploads\/2020\/11\/Patenfeier-2020-Foto-2-1440x1080.jpeg 1440w, https:\/\/www.friedrich-spee-realschule-plus.de\/wp-content\/uploads\/2020\/11\/Patenfeier-2020-Foto-2-300x225.jpeg 300w, https:\/\/www.friedrich-spee-realschule-plus.de\/wp-content\/uploads\/2020\/11\/Patenfeier-2020-Foto-2-768x576.jpeg 768w, https:\/\/www.friedrich-spee-realschule-plus.de\/wp-content\/uploads\/2020\/11\/Patenfeier-2020-Foto-2-1536x1152.jpeg 1536w, https:\/\/www.friedrich-spee-realschule-plus.de\/wp-content\/uploads\/2020\/11\/Patenfeier-2020-Foto-2-150x113.jpeg 150w, https:\/\/www.friedrich-spee-realschule-plus.de\/wp-content\/uploads\/2020\/11\/Patenfeier-2020-Foto-2-rotated.jpeg 2000w\" sizes=\"auto, (max-width: 1440px) 100vw, 1440px\" \/><\/figure>\n\n\n\n<hr class=\"wp-block-separator has-css-opacity\"\/>\n\n\n\n<figure class=\"wp-block-image size-large\"><img loading=\"lazy\" decoding=\"async\" width=\"810\" height=\"1080\" src=\"https:\/\/www.friedrich-spee-realschule-plus.de\/wp-content\/uploads\/2020\/11\/Patenfeier-2020-Foto-1-810x1080.jpeg\" alt=\"\" class=\"wp-image-3672\" srcset=\"https:\/\/www.friedrich-spee-realschule-plus.de\/wp-content\/uploads\/2020\/11\/Patenfeier-2020-Foto-1-810x1080.jpeg 810w, https:\/\/www.friedrich-spee-realschule-plus.de\/wp-content\/uploads\/2020\/11\/Patenfeier-2020-Foto-1-225x300.jpeg 225w, https:\/\/www.friedrich-spee-realschule-plus.de\/wp-content\/uploads\/2020\/11\/Patenfeier-2020-Foto-1-768x1024.jpeg 768w, https:\/\/www.friedrich-spee-realschule-plus.de\/wp-content\/uploads\/2020\/11\/Patenfeier-2020-Foto-1-1152x1536.jpeg 1152w, https:\/\/www.friedrich-spee-realschule-plus.de\/wp-content\/uploads\/2020\/11\/Patenfeier-2020-Foto-1-113x150.jpeg 113w, https:\/\/www.friedrich-spee-realschule-plus.de\/wp-content\/uploads\/2020\/11\/Patenfeier-2020-Foto-1-rotated.jpeg 1500w\" sizes=\"auto, (max-width: 810px) 100vw, 810px\" \/><\/figure>\n\n\n\n<p><\/p>\n\n\n\n<hr class=\"wp-block-separator has-css-opacity\"\/>\n\n\n\n<p class=\"has-medium-font-size\"><strong>Unser R\u00f6merweinschiff ist fertig!!!!!<\/strong><\/p>\n\n\n\n<p>Jonas und Luca arbeiteten \u00fcber zwei Monate lang an der Stella Noviomagi. Jetzt ist sie fertig und sie sieht wirklich toll aus! <\/p>\n\n\n\n<p>Beide hatten am &#8222;Beton-Award&#8220; teilgenommen und sich der Herausforderung gestellt, ein Schiff aus Holz in Beton nachzubauen. Das war nicht leicht. Um so erstaunlicher, wie das Kunstwerk jetzt fertig aussieht.<\/p>\n\n\n\n<p><strong>Das habt ihr wirklich toll gemacht, ich bin sehr stolz auf euch \ud83d\ude42<\/strong><\/p>\n\n\n\n<figure class=\"wp-block-image size-large\"><img loading=\"lazy\" decoding=\"async\" width=\"1001\" height=\"1080\" src=\"https:\/\/www.friedrich-spee-realschule-plus.de\/wp-content\/uploads\/2020\/05\/R\u00f6merschiff-Neumagen-Dhron-Foto-1-1001x1080.jpg\" alt=\"\" class=\"wp-image-3383\" srcset=\"https:\/\/www.friedrich-spee-realschule-plus.de\/wp-content\/uploads\/2020\/05\/R\u00f6merschiff-Neumagen-Dhron-Foto-1-1001x1080.jpg 1001w, https:\/\/www.friedrich-spee-realschule-plus.de\/wp-content\/uploads\/2020\/05\/R\u00f6merschiff-Neumagen-Dhron-Foto-1-278x300.jpg 278w, https:\/\/www.friedrich-spee-realschule-plus.de\/wp-content\/uploads\/2020\/05\/R\u00f6merschiff-Neumagen-Dhron-Foto-1-768x828.jpg 768w, https:\/\/www.friedrich-spee-realschule-plus.de\/wp-content\/uploads\/2020\/05\/R\u00f6merschiff-Neumagen-Dhron-Foto-1-1424x1536.jpg 1424w, https:\/\/www.friedrich-spee-realschule-plus.de\/wp-content\/uploads\/2020\/05\/R\u00f6merschiff-Neumagen-Dhron-Foto-1-139x150.jpg 139w, https:\/\/www.friedrich-spee-realschule-plus.de\/wp-content\/uploads\/2020\/05\/R\u00f6merschiff-Neumagen-Dhron-Foto-1.jpg 1874w\" sizes=\"auto, (max-width: 1001px) 100vw, 1001px\" \/><\/figure>\n\n\n\n<figure class=\"wp-block-gallery has-nested-images columns-default wp-block-gallery-1 is-layout-flex wp-block-gallery-is-layout-flex\">\n<figure class=\"wp-block-image size-medium\"><img loading=\"lazy\" decoding=\"async\" width=\"224\" height=\"300\" data-id=\"3395\" src=\"https:\/\/www.friedrich-spee-realschule-plus.de\/wp-content\/uploads\/2020\/05\/R\u00f6merschiff-Neumagen-Dhron-Foto-2-1-224x300.jpg\" alt=\"\" class=\"wp-image-3395\" srcset=\"https:\/\/www.friedrich-spee-realschule-plus.de\/wp-content\/uploads\/2020\/05\/R\u00f6merschiff-Neumagen-Dhron-Foto-2-1-224x300.jpg 224w, https:\/\/www.friedrich-spee-realschule-plus.de\/wp-content\/uploads\/2020\/05\/R\u00f6merschiff-Neumagen-Dhron-Foto-2-1-807x1080.jpg 807w, https:\/\/www.friedrich-spee-realschule-plus.de\/wp-content\/uploads\/2020\/05\/R\u00f6merschiff-Neumagen-Dhron-Foto-2-1-768x1028.jpg 768w, https:\/\/www.friedrich-spee-realschule-plus.de\/wp-content\/uploads\/2020\/05\/R\u00f6merschiff-Neumagen-Dhron-Foto-2-1-1147x1536.jpg 1147w, https:\/\/www.friedrich-spee-realschule-plus.de\/wp-content\/uploads\/2020\/05\/R\u00f6merschiff-Neumagen-Dhron-Foto-2-1-1530x2048.jpg 1530w, https:\/\/www.friedrich-spee-realschule-plus.de\/wp-content\/uploads\/2020\/05\/R\u00f6merschiff-Neumagen-Dhron-Foto-2-1-112x150.jpg 112w, https:\/\/www.friedrich-spee-realschule-plus.de\/wp-content\/uploads\/2020\/05\/R\u00f6merschiff-Neumagen-Dhron-Foto-2-1-scaled.jpg 1912w\" sizes=\"auto, (max-width: 224px) 100vw, 224px\" \/><\/figure>\n\n\n\n<figure class=\"wp-block-image size-medium\"><img loading=\"lazy\" decoding=\"async\" width=\"300\" height=\"284\" data-id=\"3396\" src=\"https:\/\/www.friedrich-spee-realschule-plus.de\/wp-content\/uploads\/2020\/05\/R\u00f6merschiff-Neumagen-Dhron-Foto-3-1-300x284.jpg\" alt=\"\" class=\"wp-image-3396\" srcset=\"https:\/\/www.friedrich-spee-realschule-plus.de\/wp-content\/uploads\/2020\/05\/R\u00f6merschiff-Neumagen-Dhron-Foto-3-1-300x284.jpg 300w, https:\/\/www.friedrich-spee-realschule-plus.de\/wp-content\/uploads\/2020\/05\/R\u00f6merschiff-Neumagen-Dhron-Foto-3-1-1140x1080.jpg 1140w, https:\/\/www.friedrich-spee-realschule-plus.de\/wp-content\/uploads\/2020\/05\/R\u00f6merschiff-Neumagen-Dhron-Foto-3-1-768x728.jpg 768w, https:\/\/www.friedrich-spee-realschule-plus.de\/wp-content\/uploads\/2020\/05\/R\u00f6merschiff-Neumagen-Dhron-Foto-3-1-1536x1456.jpg 1536w, https:\/\/www.friedrich-spee-realschule-plus.de\/wp-content\/uploads\/2020\/05\/R\u00f6merschiff-Neumagen-Dhron-Foto-3-1-150x142.jpg 150w, https:\/\/www.friedrich-spee-realschule-plus.de\/wp-content\/uploads\/2020\/05\/R\u00f6merschiff-Neumagen-Dhron-Foto-3-1.jpg 1911w\" sizes=\"auto, (max-width: 300px) 100vw, 300px\" \/><\/figure>\n\n\n\n<figure class=\"wp-block-image size-medium\"><img loading=\"lazy\" decoding=\"async\" width=\"239\" height=\"300\" data-id=\"3397\" src=\"https:\/\/www.friedrich-spee-realschule-plus.de\/wp-content\/uploads\/2020\/05\/R\u00f6merschiff-Neumagen-Dhron-Foto-4-1-239x300.jpg\" alt=\"\" class=\"wp-image-3397\" srcset=\"https:\/\/www.friedrich-spee-realschule-plus.de\/wp-content\/uploads\/2020\/05\/R\u00f6merschiff-Neumagen-Dhron-Foto-4-1-239x300.jpg 239w, https:\/\/www.friedrich-spee-realschule-plus.de\/wp-content\/uploads\/2020\/05\/R\u00f6merschiff-Neumagen-Dhron-Foto-4-1-861x1080.jpg 861w, https:\/\/www.friedrich-spee-realschule-plus.de\/wp-content\/uploads\/2020\/05\/R\u00f6merschiff-Neumagen-Dhron-Foto-4-1-768x963.jpg 768w, https:\/\/www.friedrich-spee-realschule-plus.de\/wp-content\/uploads\/2020\/05\/R\u00f6merschiff-Neumagen-Dhron-Foto-4-1-1225x1536.jpg 1225w, https:\/\/www.friedrich-spee-realschule-plus.de\/wp-content\/uploads\/2020\/05\/R\u00f6merschiff-Neumagen-Dhron-Foto-4-1-120x150.jpg 120w, https:\/\/www.friedrich-spee-realschule-plus.de\/wp-content\/uploads\/2020\/05\/R\u00f6merschiff-Neumagen-Dhron-Foto-4-1.jpg 1394w\" sizes=\"auto, (max-width: 239px) 100vw, 239px\" \/><\/figure>\n<\/figure>\n\n\n\n<figure class=\"wp-block-image size-large is-resized\"><img loading=\"lazy\" decoding=\"async\" width=\"1114\" height=\"1080\" src=\"https:\/\/www.friedrich-spee-realschule-plus.de\/wp-content\/uploads\/2020\/05\/R\u00f6merschiff-Neumagen-Dhron-Foto-6-1114x1080.jpg\" alt=\"\" class=\"wp-image-3388\" style=\"width:290px;height:280px\" srcset=\"https:\/\/www.friedrich-spee-realschule-plus.de\/wp-content\/uploads\/2020\/05\/R\u00f6merschiff-Neumagen-Dhron-Foto-6-1114x1080.jpg 1114w, https:\/\/www.friedrich-spee-realschule-plus.de\/wp-content\/uploads\/2020\/05\/R\u00f6merschiff-Neumagen-Dhron-Foto-6-300x291.jpg 300w, https:\/\/www.friedrich-spee-realschule-plus.de\/wp-content\/uploads\/2020\/05\/R\u00f6merschiff-Neumagen-Dhron-Foto-6-768x745.jpg 768w, https:\/\/www.friedrich-spee-realschule-plus.de\/wp-content\/uploads\/2020\/05\/R\u00f6merschiff-Neumagen-Dhron-Foto-6-1536x1489.jpg 1536w, https:\/\/www.friedrich-spee-realschule-plus.de\/wp-content\/uploads\/2020\/05\/R\u00f6merschiff-Neumagen-Dhron-Foto-6-150x145.jpg 150w, https:\/\/www.friedrich-spee-realschule-plus.de\/wp-content\/uploads\/2020\/05\/R\u00f6merschiff-Neumagen-Dhron-Foto-6.jpg 1903w\" sizes=\"auto, (max-width: 1114px) 100vw, 1114px\" \/><\/figure>\n\n\n\n<figure class=\"wp-block-image size-large is-resized\"><img loading=\"lazy\" decoding=\"async\" width=\"907\" height=\"1043\" src=\"https:\/\/www.friedrich-spee-realschule-plus.de\/wp-content\/uploads\/2020\/05\/R\u00f6merschiff-Neumagen-Dhron-Foto-9-1.jpg\" alt=\"\" class=\"wp-image-3398\" style=\"width:294px;height:336px\" srcset=\"https:\/\/www.friedrich-spee-realschule-plus.de\/wp-content\/uploads\/2020\/05\/R\u00f6merschiff-Neumagen-Dhron-Foto-9-1.jpg 907w, https:\/\/www.friedrich-spee-realschule-plus.de\/wp-content\/uploads\/2020\/05\/R\u00f6merschiff-Neumagen-Dhron-Foto-9-1-261x300.jpg 261w, https:\/\/www.friedrich-spee-realschule-plus.de\/wp-content\/uploads\/2020\/05\/R\u00f6merschiff-Neumagen-Dhron-Foto-9-1-768x883.jpg 768w, https:\/\/www.friedrich-spee-realschule-plus.de\/wp-content\/uploads\/2020\/05\/R\u00f6merschiff-Neumagen-Dhron-Foto-9-1-130x150.jpg 130w\" sizes=\"auto, (max-width: 907px) 100vw, 907px\" \/><\/figure>\n\n\n\n<figure class=\"wp-block-image size-large is-resized\"><img loading=\"lazy\" decoding=\"async\" width=\"1446\" height=\"1080\" src=\"https:\/\/www.friedrich-spee-realschule-plus.de\/wp-content\/uploads\/2020\/05\/R\u00f6merschiff-Neumagen-Dhron-Foto-10-1-1446x1080.jpg\" alt=\"\" class=\"wp-image-3399\" style=\"width:334px;height:249px\" srcset=\"https:\/\/www.friedrich-spee-realschule-plus.de\/wp-content\/uploads\/2020\/05\/R\u00f6merschiff-Neumagen-Dhron-Foto-10-1-1446x1080.jpg 1446w, https:\/\/www.friedrich-spee-realschule-plus.de\/wp-content\/uploads\/2020\/05\/R\u00f6merschiff-Neumagen-Dhron-Foto-10-1-300x224.jpg 300w, https:\/\/www.friedrich-spee-realschule-plus.de\/wp-content\/uploads\/2020\/05\/R\u00f6merschiff-Neumagen-Dhron-Foto-10-1-768x574.jpg 768w, https:\/\/www.friedrich-spee-realschule-plus.de\/wp-content\/uploads\/2020\/05\/R\u00f6merschiff-Neumagen-Dhron-Foto-10-1-1536x1147.jpg 1536w, https:\/\/www.friedrich-spee-realschule-plus.de\/wp-content\/uploads\/2020\/05\/R\u00f6merschiff-Neumagen-Dhron-Foto-10-1-2048x1530.jpg 2048w, https:\/\/www.friedrich-spee-realschule-plus.de\/wp-content\/uploads\/2020\/05\/R\u00f6merschiff-Neumagen-Dhron-Foto-10-1-150x112.jpg 150w\" sizes=\"auto, (max-width: 1446px) 100vw, 1446px\" \/><\/figure>\n\n\n\n<figure class=\"wp-block-image size-large is-resized\"><img loading=\"lazy\" decoding=\"async\" width=\"894\" height=\"719\" src=\"https:\/\/www.friedrich-spee-realschule-plus.de\/wp-content\/uploads\/2020\/05\/R\u00f6merschiff-Neumagen-Dhron-Foto-11.jpg\" alt=\"\" class=\"wp-image-3393\" style=\"width:330px;height:265px\" srcset=\"https:\/\/www.friedrich-spee-realschule-plus.de\/wp-content\/uploads\/2020\/05\/R\u00f6merschiff-Neumagen-Dhron-Foto-11.jpg 894w, https:\/\/www.friedrich-spee-realschule-plus.de\/wp-content\/uploads\/2020\/05\/R\u00f6merschiff-Neumagen-Dhron-Foto-11-300x241.jpg 300w, https:\/\/www.friedrich-spee-realschule-plus.de\/wp-content\/uploads\/2020\/05\/R\u00f6merschiff-Neumagen-Dhron-Foto-11-768x618.jpg 768w, https:\/\/www.friedrich-spee-realschule-plus.de\/wp-content\/uploads\/2020\/05\/R\u00f6merschiff-Neumagen-Dhron-Foto-11-150x121.jpg 150w\" sizes=\"auto, (max-width: 894px) 100vw, 894px\" \/><\/figure>\n\n\n\n<hr class=\"wp-block-separator has-css-opacity\"\/>\n\n\n\n<p><\/p>\n\n\n\n<figure class=\"wp-block-image is-resized\"><img decoding=\"async\" src=\"https:\/\/cdn.pixabay.com\/photo\/2014\/04\/02\/10\/54\/sun-304872_960_720.png\" alt=\"Sonne, Himmel, Leuchten, Gl\u00e4nzend, Licht, Sonnig\" style=\"width:48px;height:46px\"\/><\/figure>\n\n\n\n<p><strong> <\/strong><\/p>\n\n\n\n<p><\/p>\n\n\n\n<p class=\"has-medium-font-size\"><strong>Liebe Sch\u00fclerinnen und Sch\u00fcler,<\/strong><\/p>\n\n\n\n<p>damit ihr euch auch in dieser Zeit gut betreut f\u00fchlen k\u00f6nnt, biete ich euch an, mich jederzeit per Email kontaktieren zu k\u00f6nnen. Wenn ihr eine Beratung zu Konfliktsituationen ben\u00f6tigt, schreibt mir, ich werde euch antworten, ihr seid nicht allein.<\/p>\n\n\n\n<p>Meine Email-Adresse lautet: <strong>&#x68;&#x65;&#x69;&#x6b;&#x65;&#46;&#104;&#101;&#114;man&#x6e;&#x73;&#x40;&#x77;&#x69;&#x74;&#116;&#108;&#105;ch&#46;&#x70;&#x61;&#x6c;&#x61;&#x69;&#x73;&#45;&#101;&#118;&#46;de<\/strong><\/p>\n\n\n\n<p>Au\u00dferdem stehe ich euch telefonisch zur Verf\u00fcgung: Jeden Vormittag bin ich in meinem B\u00fcro unter <strong>06507-926451<\/strong> erreichbar.<\/p>\n\n\n\n<p>Ich w\u00fcnsche euch eine gute Zeit, bis bald \ud83d\ude42<\/p>\n\n\n\n<figure class=\"wp-block-image is-resized\"><img decoding=\"async\" src=\"https:\/\/cdn.pixabay.com\/photo\/2014\/04\/02\/10\/54\/sun-304872_960_720.png\" alt=\"Sonne, Himmel, Leuchten, Gl\u00e4nzend, Licht, Sonnig\" style=\"width:76px;height:73px\"\/><figcaption class=\"wp-element-caption\"><br>&#8212;&#8212;&#8212;&#8212;&#8212;&#8212;&#8212;&#8212;&#8212;&#8212;&#8212;&#8212;&#8212;&#8212;&#8212;&#8212;&#8212;&#8212;&#8212;&#8212;&#8212;&#8212;&#8212;&#8212;&#8212;&#8212;&#8212;&#8212;&#8212;&#8212;&#8212;&#8212;&#8212;&#8212;&#8212;&#8212;&#8212;&#8212;&#8212;&#8212;&#8212;&#8212;&#8212;&#8212;&#8212;&#8212;&#8211;<br><\/figcaption><\/figure>\n\n\n\n<p class=\"has-large-font-size\">Leckere Party-Snacks in unserer AG:<\/p>\n\n\n\n<figure class=\"wp-block-image size-large is-resized\"><img loading=\"lazy\" decoding=\"async\" width=\"955\" height=\"1080\" src=\"https:\/\/www.friedrich-spee-realschule-plus.de\/wp-content\/uploads\/2020\/03\/Snack-AG-Gem\u00fcse-mit-Dipp-955x1080.jpg\" alt=\"\" class=\"wp-image-3190\" style=\"width:224px;height:252px\" srcset=\"https:\/\/www.friedrich-spee-realschule-plus.de\/wp-content\/uploads\/2020\/03\/Snack-AG-Gem\u00fcse-mit-Dipp-955x1080.jpg 955w, https:\/\/www.friedrich-spee-realschule-plus.de\/wp-content\/uploads\/2020\/03\/Snack-AG-Gem\u00fcse-mit-Dipp-265x300.jpg 265w, https:\/\/www.friedrich-spee-realschule-plus.de\/wp-content\/uploads\/2020\/03\/Snack-AG-Gem\u00fcse-mit-Dipp-768x869.jpg 768w, https:\/\/www.friedrich-spee-realschule-plus.de\/wp-content\/uploads\/2020\/03\/Snack-AG-Gem\u00fcse-mit-Dipp-1358x1536.jpg 1358w, https:\/\/www.friedrich-spee-realschule-plus.de\/wp-content\/uploads\/2020\/03\/Snack-AG-Gem\u00fcse-mit-Dipp-1811x2048.jpg 1811w, https:\/\/www.friedrich-spee-realschule-plus.de\/wp-content\/uploads\/2020\/03\/Snack-AG-Gem\u00fcse-mit-Dipp-133x150.jpg 133w, https:\/\/www.friedrich-spee-realschule-plus.de\/wp-content\/uploads\/2020\/03\/Snack-AG-Gem\u00fcse-mit-Dipp.jpg 1917w\" sizes=\"auto, (max-width: 955px) 100vw, 955px\" \/><figcaption class=\"wp-element-caption\">Gem\u00fcse mit Dipp<\/figcaption><\/figure>\n\n\n\n<figure class=\"wp-block-image size-large is-resized\"><img loading=\"lazy\" decoding=\"async\" width=\"807\" height=\"1080\" src=\"https:\/\/www.friedrich-spee-realschule-plus.de\/wp-content\/uploads\/2020\/03\/Snack-AG-Schneem\u00e4nner-807x1080.jpg\" alt=\"\" class=\"wp-image-3192\" style=\"width:224px;height:299px\" srcset=\"https:\/\/www.friedrich-spee-realschule-plus.de\/wp-content\/uploads\/2020\/03\/Snack-AG-Schneem\u00e4nner-807x1080.jpg 807w, https:\/\/www.friedrich-spee-realschule-plus.de\/wp-content\/uploads\/2020\/03\/Snack-AG-Schneem\u00e4nner-224x300.jpg 224w, https:\/\/www.friedrich-spee-realschule-plus.de\/wp-content\/uploads\/2020\/03\/Snack-AG-Schneem\u00e4nner-768x1028.jpg 768w, https:\/\/www.friedrich-spee-realschule-plus.de\/wp-content\/uploads\/2020\/03\/Snack-AG-Schneem\u00e4nner-1147x1536.jpg 1147w, https:\/\/www.friedrich-spee-realschule-plus.de\/wp-content\/uploads\/2020\/03\/Snack-AG-Schneem\u00e4nner-1530x2048.jpg 1530w, https:\/\/www.friedrich-spee-realschule-plus.de\/wp-content\/uploads\/2020\/03\/Snack-AG-Schneem\u00e4nner-112x150.jpg 112w, https:\/\/www.friedrich-spee-realschule-plus.de\/wp-content\/uploads\/2020\/03\/Snack-AG-Schneem\u00e4nner-scaled.jpg 1912w\" sizes=\"auto, (max-width: 807px) 100vw, 807px\" \/><figcaption class=\"wp-element-caption\">Leckere Schneem\u00e4nner<br><br><\/figcaption><\/figure>\n\n\n\n<figure class=\"wp-block-image size-large is-resized\"><img loading=\"lazy\" decoding=\"async\" width=\"1125\" height=\"1080\" src=\"https:\/\/www.friedrich-spee-realschule-plus.de\/wp-content\/uploads\/2020\/03\/Snack-AG-Hunde-1125x1080.jpg\" alt=\"\" class=\"wp-image-3191\" style=\"width:242px;height:231px\" srcset=\"https:\/\/www.friedrich-spee-realschule-plus.de\/wp-content\/uploads\/2020\/03\/Snack-AG-Hunde-1125x1080.jpg 1125w, https:\/\/www.friedrich-spee-realschule-plus.de\/wp-content\/uploads\/2020\/03\/Snack-AG-Hunde-300x288.jpg 300w, https:\/\/www.friedrich-spee-realschule-plus.de\/wp-content\/uploads\/2020\/03\/Snack-AG-Hunde-768x737.jpg 768w, https:\/\/www.friedrich-spee-realschule-plus.de\/wp-content\/uploads\/2020\/03\/Snack-AG-Hunde-1536x1474.jpg 1536w, https:\/\/www.friedrich-spee-realschule-plus.de\/wp-content\/uploads\/2020\/03\/Snack-AG-Hunde-150x144.jpg 150w, https:\/\/www.friedrich-spee-realschule-plus.de\/wp-content\/uploads\/2020\/03\/Snack-AG-Hunde.jpg 1766w\" sizes=\"auto, (max-width: 1125px) 100vw, 1125px\" \/><figcaption class=\"wp-element-caption\">&#8222;Hot-Dogs&#8220; mal anders<\/figcaption><\/figure>\n\n\n\n<figure class=\"wp-block-image size-large is-resized\"><img loading=\"lazy\" decoding=\"async\" width=\"795\" height=\"1080\" src=\"https:\/\/www.friedrich-spee-realschule-plus.de\/wp-content\/uploads\/2020\/03\/Snack-AG-Toast-\u00fcberbacken-795x1080.jpg\" alt=\"\" class=\"wp-image-3193\" style=\"width:238px;height:321px\" srcset=\"https:\/\/www.friedrich-spee-realschule-plus.de\/wp-content\/uploads\/2020\/03\/Snack-AG-Toast-\u00fcberbacken-795x1080.jpg 795w, https:\/\/www.friedrich-spee-realschule-plus.de\/wp-content\/uploads\/2020\/03\/Snack-AG-Toast-\u00fcberbacken-221x300.jpg 221w, https:\/\/www.friedrich-spee-realschule-plus.de\/wp-content\/uploads\/2020\/03\/Snack-AG-Toast-\u00fcberbacken-768x1043.jpg 768w, https:\/\/www.friedrich-spee-realschule-plus.de\/wp-content\/uploads\/2020\/03\/Snack-AG-Toast-\u00fcberbacken-1131x1536.jpg 1131w, https:\/\/www.friedrich-spee-realschule-plus.de\/wp-content\/uploads\/2020\/03\/Snack-AG-Toast-\u00fcberbacken-1508x2048.jpg 1508w, https:\/\/www.friedrich-spee-realschule-plus.de\/wp-content\/uploads\/2020\/03\/Snack-AG-Toast-\u00fcberbacken-110x150.jpg 110w, https:\/\/www.friedrich-spee-realschule-plus.de\/wp-content\/uploads\/2020\/03\/Snack-AG-Toast-\u00fcberbacken.jpg 1807w\" sizes=\"auto, (max-width: 795px) 100vw, 795px\" \/><figcaption class=\"wp-element-caption\">\u00dcberbackenes Toast<\/figcaption><\/figure>\n\n\n\n<hr class=\"wp-block-separator has-css-opacity\"\/>\n\n\n\n<p class=\"has-large-font-size\"><strong>Die siku-racing Rennwagen fahren wieder!<\/strong><\/p>\n\n\n\n<figure class=\"wp-block-image size-large is-resized\"><img loading=\"lazy\" decoding=\"async\" width=\"1117\" height=\"1080\" src=\"https:\/\/www.friedrich-spee-realschule-plus.de\/wp-content\/uploads\/2020\/03\/siku-racing-Heike-Hermanns-2020-1117x1080.jpg\" alt=\"\" class=\"wp-image-3189\" style=\"width:267px;height:257px\" srcset=\"https:\/\/www.friedrich-spee-realschule-plus.de\/wp-content\/uploads\/2020\/03\/siku-racing-Heike-Hermanns-2020-1117x1080.jpg 1117w, https:\/\/www.friedrich-spee-realschule-plus.de\/wp-content\/uploads\/2020\/03\/siku-racing-Heike-Hermanns-2020-300x290.jpg 300w, https:\/\/www.friedrich-spee-realschule-plus.de\/wp-content\/uploads\/2020\/03\/siku-racing-Heike-Hermanns-2020-768x742.jpg 768w, https:\/\/www.friedrich-spee-realschule-plus.de\/wp-content\/uploads\/2020\/03\/siku-racing-Heike-Hermanns-2020-1536x1485.jpg 1536w, https:\/\/www.friedrich-spee-realschule-plus.de\/wp-content\/uploads\/2020\/03\/siku-racing-Heike-Hermanns-2020-150x145.jpg 150w, https:\/\/www.friedrich-spee-realschule-plus.de\/wp-content\/uploads\/2020\/03\/siku-racing-Heike-Hermanns-2020.jpg 1985w\" sizes=\"auto, (max-width: 1117px) 100vw, 1117px\" \/><\/figure>\n\n\n\n<hr class=\"wp-block-separator has-css-opacity\"\/>\n\n\n\n<h2 class=\"wp-block-heading\"><strong>Emma und Mirjam gewinnen den 3. Platz bei Landeszentrale f\u00fcr politische Bildung<\/strong><\/h2>\n\n\n\n<figure class=\"wp-block-image size-large is-resized\"><img loading=\"lazy\" decoding=\"async\" width=\"1033\" height=\"1080\" src=\"https:\/\/www.friedrich-spee-realschule-plus.de\/wp-content\/uploads\/2020\/01\/Gewinnerfoto1-Emma-Mirjam-2020-1-1033x1080.jpg\" alt=\"\" class=\"wp-image-3091\" style=\"width:329px;height:344px\" srcset=\"https:\/\/www.friedrich-spee-realschule-plus.de\/wp-content\/uploads\/2020\/01\/Gewinnerfoto1-Emma-Mirjam-2020-1-1033x1080.jpg 1033w, https:\/\/www.friedrich-spee-realschule-plus.de\/wp-content\/uploads\/2020\/01\/Gewinnerfoto1-Emma-Mirjam-2020-1-287x300.jpg 287w, https:\/\/www.friedrich-spee-realschule-plus.de\/wp-content\/uploads\/2020\/01\/Gewinnerfoto1-Emma-Mirjam-2020-1-768x803.jpg 768w, https:\/\/www.friedrich-spee-realschule-plus.de\/wp-content\/uploads\/2020\/01\/Gewinnerfoto1-Emma-Mirjam-2020-1-1470x1536.jpg 1470w, https:\/\/www.friedrich-spee-realschule-plus.de\/wp-content\/uploads\/2020\/01\/Gewinnerfoto1-Emma-Mirjam-2020-1-144x150.jpg 144w, https:\/\/www.friedrich-spee-realschule-plus.de\/wp-content\/uploads\/2020\/01\/Gewinnerfoto1-Emma-Mirjam-2020-1.jpg 1684w\" sizes=\"auto, (max-width: 1033px) 100vw, 1033px\" \/><\/figure>\n\n\n\n<figure class=\"wp-block-image size-large is-resized\"><img loading=\"lazy\" decoding=\"async\" width=\"780\" height=\"1080\" src=\"https:\/\/www.friedrich-spee-realschule-plus.de\/wp-content\/uploads\/2020\/01\/Gewinnerfoto2-Emma-Mirjam-2020-780x1080.jpg\" alt=\"\" class=\"wp-image-3092\" style=\"width:330px;height:457px\" srcset=\"https:\/\/www.friedrich-spee-realschule-plus.de\/wp-content\/uploads\/2020\/01\/Gewinnerfoto2-Emma-Mirjam-2020-780x1080.jpg 780w, https:\/\/www.friedrich-spee-realschule-plus.de\/wp-content\/uploads\/2020\/01\/Gewinnerfoto2-Emma-Mirjam-2020-217x300.jpg 217w, https:\/\/www.friedrich-spee-realschule-plus.de\/wp-content\/uploads\/2020\/01\/Gewinnerfoto2-Emma-Mirjam-2020-768x1063.jpg 768w, https:\/\/www.friedrich-spee-realschule-plus.de\/wp-content\/uploads\/2020\/01\/Gewinnerfoto2-Emma-Mirjam-2020-108x150.jpg 108w, https:\/\/www.friedrich-spee-realschule-plus.de\/wp-content\/uploads\/2020\/01\/Gewinnerfoto2-Emma-Mirjam-2020.jpg 1063w\" sizes=\"auto, (max-width: 780px) 100vw, 780px\" \/><\/figure>\n\n\n\n<p><strong>Das Thema des Landeswettbewerbs lautete: \u201eFrauen ver\u00e4ndern die Welt\u201c: Dazu fiel den beiden Neuntkl\u00e4sslerinnen Emma Ballmann und Mirjam Sch\u00e4fer direkt eine passende Arbeit ein: \u201eDiese Frauen ver\u00e4ndern meine Welt\u201c! Im Leben der beiden M\u00e4dchen gibt es so viele starke Frauen, die ihre Vorbilder sind und die ihr Leben sehr beeinflussen. Sie gestalteten ein Plakat voller Frauenpower: sowohl mit Frauen aus ihrer Verwandtschaft, ihre eigenen M\u00fctter, Gro\u00dfm\u00fctter und Tanten, als auch mit Nachbarinnen, die ihr Brennholz selber machen oder als K\u00fcnstlerinnen und G\u00e4rtnerinnen die Welt etwas sch\u00f6ner gestalten. Eine gro\u00dfe Rolle f\u00fcr die beiden spielen auch zum einen ihre engagierte Klassenlehrerin, bei der zum Unterricht auch schon Wasserskifahren erlernen geh\u00f6rte zum anderen die Sport-Trainerin, die f\u00fcr Fitness und Wohlergehen zust\u00e4ndig ist. Die beiden M\u00e4dchen brauchten sich also nur in ihrem pers\u00f6nlichen Umfeld umzusehen, um zu erkennen, dass sie umgeben sind von starken und aktiven Frauen. <\/strong><\/p>\n\n\n\n<p><strong>Liebe Emma &amp; Mirjam: Eure Platzierung ist super! <\/strong><\/p>\n\n\n\n<p><strong>Es hat mir viel Spa\u00df gemacht, euch zu unterst\u00fctzen \ud83d\ude42<\/strong><\/p>\n\n\n\n<hr class=\"wp-block-separator has-css-opacity\"\/>\n\n\n\n<figure class=\"wp-block-image size-large\"><img loading=\"lazy\" decoding=\"async\" width=\"1631\" height=\"1080\" src=\"https:\/\/www.friedrich-spee-realschule-plus.de\/wp-content\/uploads\/2020\/01\/Foto-AG-Chill-out-2020-1631x1080.jpg\" alt=\"\" class=\"wp-image-3098\" srcset=\"https:\/\/www.friedrich-spee-realschule-plus.de\/wp-content\/uploads\/2020\/01\/Foto-AG-Chill-out-2020-1631x1080.jpg 1631w, https:\/\/www.friedrich-spee-realschule-plus.de\/wp-content\/uploads\/2020\/01\/Foto-AG-Chill-out-2020-300x199.jpg 300w, https:\/\/www.friedrich-spee-realschule-plus.de\/wp-content\/uploads\/2020\/01\/Foto-AG-Chill-out-2020-768x508.jpg 768w, https:\/\/www.friedrich-spee-realschule-plus.de\/wp-content\/uploads\/2020\/01\/Foto-AG-Chill-out-2020-1536x1017.jpg 1536w, https:\/\/www.friedrich-spee-realschule-plus.de\/wp-content\/uploads\/2020\/01\/Foto-AG-Chill-out-2020-2048x1356.jpg 2048w, https:\/\/www.friedrich-spee-realschule-plus.de\/wp-content\/uploads\/2020\/01\/Foto-AG-Chill-out-2020-150x99.jpg 150w\" sizes=\"auto, (max-width: 1631px) 100vw, 1631px\" \/><figcaption class=\"wp-element-caption\"><strong>Die AG &#8222;CHILL OUT&#8220; entspannt bei sch\u00f6ner Musik und Mandalas malen<\/strong>.                       <strong>Auch in der Schule kann man mal die Seele baumeln lassen \ud83d\ude42<\/strong><\/figcaption><\/figure>\n\n\n\n<p><\/p>\n\n\n\n<hr class=\"wp-block-separator has-css-opacity\"\/>\n\n\n\n<figure class=\"wp-block-image\"><img loading=\"lazy\" decoding=\"async\" width=\"1440\" height=\"1080\" src=\"https:\/\/www.friedrich-spee-realschule-plus.de\/wp-content\/uploads\/2019\/05\/Foto-AG-Hermanns-1440x1080.jpg\" alt=\"\" class=\"wp-image-2855\" srcset=\"https:\/\/www.friedrich-spee-realschule-plus.de\/wp-content\/uploads\/2019\/05\/Foto-AG-Hermanns-1440x1080.jpg 1440w, https:\/\/www.friedrich-spee-realschule-plus.de\/wp-content\/uploads\/2019\/05\/Foto-AG-Hermanns-300x225.jpg 300w, https:\/\/www.friedrich-spee-realschule-plus.de\/wp-content\/uploads\/2019\/05\/Foto-AG-Hermanns-768x576.jpg 768w, https:\/\/www.friedrich-spee-realschule-plus.de\/wp-content\/uploads\/2019\/05\/Foto-AG-Hermanns-150x113.jpg 150w, https:\/\/www.friedrich-spee-realschule-plus.de\/wp-content\/uploads\/2019\/05\/Foto-AG-Hermanns.jpg 2000w\" sizes=\"auto, (max-width: 1440px) 100vw, 1440px\" \/><figcaption class=\"wp-element-caption\"><strong>In unserer Montags-AG wurden die allerbesten Papierflieger gebaut. Anschlie\u00dfend fand der Wettkampfstatt: Welcher Flieger flog am weitesten? Welcher blieb am l\u00e4ngsten in der Luft?  Und welcher machte den sch\u00f6nsten Kunstflug?<\/strong><br><\/figcaption><\/figure>\n\n\n\n<hr class=\"wp-block-separator has-css-opacity\"\/>\n\n\n\n<figure class=\"wp-block-image is-resized\"><img decoding=\"async\" src=\"https:\/\/www.friedrich-spee-realschule-plus.de\/wp-content\/uploads\/2020\/01\/Foto-Gewinner-Doing-Good-Challenge-2019-1446x1080.jpg\" alt=\"Dieses Bild hat ein leeres Alt-Attribut. Der Dateiname ist Foto-Gewinner-Doing-Good-Challenge-2019-1446x1080.jpg\" style=\"width:544px;height:406px\"\/><figcaption class=\"wp-element-caption\"> <strong>Tolle Leistung! Macht weiter so \ud83d\ude42<\/strong> <\/figcaption><\/figure>\n\n\n\n<figure class=\"wp-block-image\"><img loading=\"lazy\" decoding=\"async\" width=\"1440\" height=\"1080\" src=\"https:\/\/www.friedrich-spee-realschule-plus.de\/wp-content\/uploads\/2019\/04\/Foto-Wanderausstellung-1440x1080.jpg\" alt=\"\" class=\"wp-image-2816\" srcset=\"https:\/\/www.friedrich-spee-realschule-plus.de\/wp-content\/uploads\/2019\/04\/Foto-Wanderausstellung-1440x1080.jpg 1440w, https:\/\/www.friedrich-spee-realschule-plus.de\/wp-content\/uploads\/2019\/04\/Foto-Wanderausstellung-300x225.jpg 300w, https:\/\/www.friedrich-spee-realschule-plus.de\/wp-content\/uploads\/2019\/04\/Foto-Wanderausstellung-768x576.jpg 768w, https:\/\/www.friedrich-spee-realschule-plus.de\/wp-content\/uploads\/2019\/04\/Foto-Wanderausstellung-150x113.jpg 150w\" sizes=\"auto, (max-width: 1440px) 100vw, 1440px\" \/><\/figure>\n\n\n\n<h2 class=\"wp-block-heading\">Gewonnen!!!!!<\/h2>\n\n\n\n<p>Isabelle, Klara, Sophie und Jule gewinnen mit ihrem Projekt:<\/p>\n\n\n\n<p>REGIONAL &#8211; GENIAL!<\/p>\n\n\n\n<figure class=\"wp-block-image is-resized\"><img loading=\"lazy\" decoding=\"async\" width=\"474\" height=\"670\" src=\"https:\/\/www.friedrich-spee-realschule-plus.de\/wp-content\/uploads\/2019\/04\/Gewinner-Mitteilung.png\" alt=\"\" class=\"wp-image-2817\" style=\"width:537px;height:759px\" srcset=\"https:\/\/www.friedrich-spee-realschule-plus.de\/wp-content\/uploads\/2019\/04\/Gewinner-Mitteilung.png 474w, https:\/\/www.friedrich-spee-realschule-plus.de\/wp-content\/uploads\/2019\/04\/Gewinner-Mitteilung-212x300.png 212w, https:\/\/www.friedrich-spee-realschule-plus.de\/wp-content\/uploads\/2019\/04\/Gewinner-Mitteilung-106x150.png 106w\" sizes=\"auto, (max-width: 474px) 100vw, 474px\" \/><\/figure>\n\n\n\n<hr class=\"wp-block-separator has-css-opacity\"\/>\n\n\n\n<p><\/p>\n\n\n\n<p><\/p>\n\n\n\n<p class=\"has-large-font-size\">AG-Sch\u00fcler bauen Team-Turm<\/p>\n\n\n\n<figure class=\"wp-block-image is-resized\"><img loading=\"lazy\" decoding=\"async\" width=\"810\" height=\"1080\" src=\"https:\/\/www.friedrich-spee-realschule-plus.de\/wp-content\/uploads\/2019\/04\/Foto-AG-Bauen-und-Konstruieren-e1554197885522-810x1080.jpg\" alt=\"\" class=\"wp-image-2815\" style=\"width:332px;height:442px\" srcset=\"https:\/\/www.friedrich-spee-realschule-plus.de\/wp-content\/uploads\/2019\/04\/Foto-AG-Bauen-und-Konstruieren-e1554197885522-810x1080.jpg 810w, https:\/\/www.friedrich-spee-realschule-plus.de\/wp-content\/uploads\/2019\/04\/Foto-AG-Bauen-und-Konstruieren-e1554197885522-225x300.jpg 225w, https:\/\/www.friedrich-spee-realschule-plus.de\/wp-content\/uploads\/2019\/04\/Foto-AG-Bauen-und-Konstruieren-e1554197885522-768x1024.jpg 768w, https:\/\/www.friedrich-spee-realschule-plus.de\/wp-content\/uploads\/2019\/04\/Foto-AG-Bauen-und-Konstruieren-e1554197885522-113x150.jpg 113w, https:\/\/www.friedrich-spee-realschule-plus.de\/wp-content\/uploads\/2019\/04\/Foto-AG-Bauen-und-Konstruieren-e1554197885522.jpg 1500w\" sizes=\"auto, (max-width: 810px) 100vw, 810px\" \/><\/figure>\n\n\n\n<p class=\"has-large-font-size\">Sch\u00fcler bauen einen riesen Turm bis zur Decke!<\/p>\n\n\n\n\n<p><img loading=\"lazy\" decoding=\"async\" class=\"alignnone  wp-image-2795\" src=\"https:\/\/www.friedrich-spee-realschule-plus.de\/wp-content\/uploads\/2019\/03\/1.-AG-Bauen-und-Konstruieren-2019-e1552978867491-225x300.jpg\" alt=\"\" width=\"205\" height=\"274\" srcset=\"https:\/\/www.friedrich-spee-realschule-plus.de\/wp-content\/uploads\/2019\/03\/1.-AG-Bauen-und-Konstruieren-2019-e1552978867491-225x300.jpg 225w, https:\/\/www.friedrich-spee-realschule-plus.de\/wp-content\/uploads\/2019\/03\/1.-AG-Bauen-und-Konstruieren-2019-e1552978867491-768x1024.jpg 768w, https:\/\/www.friedrich-spee-realschule-plus.de\/wp-content\/uploads\/2019\/03\/1.-AG-Bauen-und-Konstruieren-2019-e1552978867491-810x1080.jpg 810w, https:\/\/www.friedrich-spee-realschule-plus.de\/wp-content\/uploads\/2019\/03\/1.-AG-Bauen-und-Konstruieren-2019-e1552978867491-113x150.jpg 113w, https:\/\/www.friedrich-spee-realschule-plus.de\/wp-content\/uploads\/2019\/03\/1.-AG-Bauen-und-Konstruieren-2019-e1552978867491.jpg 1500w\" sizes=\"auto, (max-width: 205px) 100vw, 205px\" \/><\/p>\n<h1><img loading=\"lazy\" decoding=\"async\" class=\"alignnone  wp-image-2797\" src=\"https:\/\/www.friedrich-spee-realschule-plus.de\/wp-content\/uploads\/2019\/03\/3.-AG-Bauen-und-Konstruieren-2019-e1552978911448-225x300.jpg\" alt=\"\" width=\"206\" height=\"275\" srcset=\"https:\/\/www.friedrich-spee-realschule-plus.de\/wp-content\/uploads\/2019\/03\/3.-AG-Bauen-und-Konstruieren-2019-e1552978911448-225x300.jpg 225w, https:\/\/www.friedrich-spee-realschule-plus.de\/wp-content\/uploads\/2019\/03\/3.-AG-Bauen-und-Konstruieren-2019-e1552978911448-768x1024.jpg 768w, https:\/\/www.friedrich-spee-realschule-plus.de\/wp-content\/uploads\/2019\/03\/3.-AG-Bauen-und-Konstruieren-2019-e1552978911448-810x1080.jpg 810w, https:\/\/www.friedrich-spee-realschule-plus.de\/wp-content\/uploads\/2019\/03\/3.-AG-Bauen-und-Konstruieren-2019-e1552978911448-113x150.jpg 113w, https:\/\/www.friedrich-spee-realschule-plus.de\/wp-content\/uploads\/2019\/03\/3.-AG-Bauen-und-Konstruieren-2019-e1552978911448.jpg 1500w\" sizes=\"auto, (max-width: 206px) 100vw, 206px\" \/><\/h1>\n<h1><img loading=\"lazy\" decoding=\"async\" class=\"alignnone size-medium wp-image-2798\" src=\"https:\/\/www.friedrich-spee-realschule-plus.de\/wp-content\/uploads\/2019\/03\/4.-AG-Bauen-und-Konstruieren-2019-e1552978945759-225x300.jpg\" alt=\"\" width=\"225\" height=\"300\" srcset=\"https:\/\/www.friedrich-spee-realschule-plus.de\/wp-content\/uploads\/2019\/03\/4.-AG-Bauen-und-Konstruieren-2019-e1552978945759-225x300.jpg 225w, https:\/\/www.friedrich-spee-realschule-plus.de\/wp-content\/uploads\/2019\/03\/4.-AG-Bauen-und-Konstruieren-2019-e1552978945759-768x1024.jpg 768w, https:\/\/www.friedrich-spee-realschule-plus.de\/wp-content\/uploads\/2019\/03\/4.-AG-Bauen-und-Konstruieren-2019-e1552978945759-810x1080.jpg 810w, https:\/\/www.friedrich-spee-realschule-plus.de\/wp-content\/uploads\/2019\/03\/4.-AG-Bauen-und-Konstruieren-2019-e1552978945759-113x150.jpg 113w, https:\/\/www.friedrich-spee-realschule-plus.de\/wp-content\/uploads\/2019\/03\/4.-AG-Bauen-und-Konstruieren-2019-e1552978945759.jpg 1500w\" sizes=\"auto, (max-width: 225px) 100vw, 225px\" \/><img loading=\"lazy\" decoding=\"async\" class=\"alignnone size-medium wp-image-2799\" src=\"https:\/\/www.friedrich-spee-realschule-plus.de\/wp-content\/uploads\/2019\/03\/5.-AG-Bauen-und-Konstruieren-2019-e1552979020581-225x300.jpg\" alt=\"\" width=\"225\" height=\"300\" srcset=\"https:\/\/www.friedrich-spee-realschule-plus.de\/wp-content\/uploads\/2019\/03\/5.-AG-Bauen-und-Konstruieren-2019-e1552979020581-225x300.jpg 225w, https:\/\/www.friedrich-spee-realschule-plus.de\/wp-content\/uploads\/2019\/03\/5.-AG-Bauen-und-Konstruieren-2019-e1552979020581-768x1024.jpg 768w, https:\/\/www.friedrich-spee-realschule-plus.de\/wp-content\/uploads\/2019\/03\/5.-AG-Bauen-und-Konstruieren-2019-e1552979020581-810x1080.jpg 810w, https:\/\/www.friedrich-spee-realschule-plus.de\/wp-content\/uploads\/2019\/03\/5.-AG-Bauen-und-Konstruieren-2019-e1552979020581-113x150.jpg 113w, https:\/\/www.friedrich-spee-realschule-plus.de\/wp-content\/uploads\/2019\/03\/5.-AG-Bauen-und-Konstruieren-2019-e1552979020581.jpg 1500w\" sizes=\"auto, (max-width: 225px) 100vw, 225px\" \/><img loading=\"lazy\" decoding=\"async\" class=\"alignnone size-medium wp-image-2800\" src=\"https:\/\/www.friedrich-spee-realschule-plus.de\/wp-content\/uploads\/2019\/03\/6.-AG-Bauen-und-Konstruieren-2019-e1552979037633-225x300.jpg\" alt=\"\" width=\"225\" height=\"300\" srcset=\"https:\/\/www.friedrich-spee-realschule-plus.de\/wp-content\/uploads\/2019\/03\/6.-AG-Bauen-und-Konstruieren-2019-e1552979037633-225x300.jpg 225w, https:\/\/www.friedrich-spee-realschule-plus.de\/wp-content\/uploads\/2019\/03\/6.-AG-Bauen-und-Konstruieren-2019-e1552979037633-768x1024.jpg 768w, https:\/\/www.friedrich-spee-realschule-plus.de\/wp-content\/uploads\/2019\/03\/6.-AG-Bauen-und-Konstruieren-2019-e1552979037633-810x1080.jpg 810w, https:\/\/www.friedrich-spee-realschule-plus.de\/wp-content\/uploads\/2019\/03\/6.-AG-Bauen-und-Konstruieren-2019-e1552979037633-113x150.jpg 113w, https:\/\/www.friedrich-spee-realschule-plus.de\/wp-content\/uploads\/2019\/03\/6.-AG-Bauen-und-Konstruieren-2019-e1552979037633.jpg 1500w\" sizes=\"auto, (max-width: 225px) 100vw, 225px\" \/><\/h1>\n<h1><img loading=\"lazy\" decoding=\"async\" class=\"alignnone size-medium wp-image-2802\" src=\"https:\/\/www.friedrich-spee-realschule-plus.de\/wp-content\/uploads\/2019\/03\/8.-AG-Bauen-und-Konstruieren-2019-e1552979145850-224x300.jpg\" alt=\"\" width=\"224\" height=\"300\" srcset=\"https:\/\/www.friedrich-spee-realschule-plus.de\/wp-content\/uploads\/2019\/03\/8.-AG-Bauen-und-Konstruieren-2019-e1552979145850-224x300.jpg 224w, https:\/\/www.friedrich-spee-realschule-plus.de\/wp-content\/uploads\/2019\/03\/8.-AG-Bauen-und-Konstruieren-2019-e1552979145850-768x1028.jpg 768w, https:\/\/www.friedrich-spee-realschule-plus.de\/wp-content\/uploads\/2019\/03\/8.-AG-Bauen-und-Konstruieren-2019-e1552979145850-807x1080.jpg 807w, https:\/\/www.friedrich-spee-realschule-plus.de\/wp-content\/uploads\/2019\/03\/8.-AG-Bauen-und-Konstruieren-2019-e1552979145850-112x150.jpg 112w, https:\/\/www.friedrich-spee-realschule-plus.de\/wp-content\/uploads\/2019\/03\/8.-AG-Bauen-und-Konstruieren-2019-e1552979145850.jpg 1500w\" sizes=\"auto, (max-width: 224px) 100vw, 224px\" \/><img loading=\"lazy\" decoding=\"async\" class=\"alignnone size-medium wp-image-2803\" src=\"https:\/\/www.friedrich-spee-realschule-plus.de\/wp-content\/uploads\/2019\/03\/9.-AG-Bauen-und-Konstruieren-2019-e1552979127642-224x300.jpg\" alt=\"\" width=\"224\" height=\"300\" srcset=\"https:\/\/www.friedrich-spee-realschule-plus.de\/wp-content\/uploads\/2019\/03\/9.-AG-Bauen-und-Konstruieren-2019-e1552979127642-224x300.jpg 224w, https:\/\/www.friedrich-spee-realschule-plus.de\/wp-content\/uploads\/2019\/03\/9.-AG-Bauen-und-Konstruieren-2019-e1552979127642-768x1028.jpg 768w, https:\/\/www.friedrich-spee-realschule-plus.de\/wp-content\/uploads\/2019\/03\/9.-AG-Bauen-und-Konstruieren-2019-e1552979127642-807x1080.jpg 807w, https:\/\/www.friedrich-spee-realschule-plus.de\/wp-content\/uploads\/2019\/03\/9.-AG-Bauen-und-Konstruieren-2019-e1552979127642-112x150.jpg 112w, https:\/\/www.friedrich-spee-realschule-plus.de\/wp-content\/uploads\/2019\/03\/9.-AG-Bauen-und-Konstruieren-2019-e1552979127642.jpg 1500w\" sizes=\"auto, (max-width: 224px) 100vw, 224px\" \/><img loading=\"lazy\" decoding=\"async\" class=\"alignnone size-medium wp-image-2805\" src=\"https:\/\/www.friedrich-spee-realschule-plus.de\/wp-content\/uploads\/2019\/03\/11.-AG-Bauen-und-Konstruieren-2019-e1552979098918-224x300.jpg\" alt=\"\" width=\"224\" height=\"300\" srcset=\"https:\/\/www.friedrich-spee-realschule-plus.de\/wp-content\/uploads\/2019\/03\/11.-AG-Bauen-und-Konstruieren-2019-e1552979098918-224x300.jpg 224w, https:\/\/www.friedrich-spee-realschule-plus.de\/wp-content\/uploads\/2019\/03\/11.-AG-Bauen-und-Konstruieren-2019-e1552979098918-768x1028.jpg 768w, https:\/\/www.friedrich-spee-realschule-plus.de\/wp-content\/uploads\/2019\/03\/11.-AG-Bauen-und-Konstruieren-2019-e1552979098918-807x1080.jpg 807w, https:\/\/www.friedrich-spee-realschule-plus.de\/wp-content\/uploads\/2019\/03\/11.-AG-Bauen-und-Konstruieren-2019-e1552979098918-112x150.jpg 112w, https:\/\/www.friedrich-spee-realschule-plus.de\/wp-content\/uploads\/2019\/03\/11.-AG-Bauen-und-Konstruieren-2019-e1552979098918.jpg 1500w\" sizes=\"auto, (max-width: 224px) 100vw, 224px\" \/><img loading=\"lazy\" decoding=\"async\" class=\"alignnone size-medium wp-image-2806\" src=\"https:\/\/www.friedrich-spee-realschule-plus.de\/wp-content\/uploads\/2019\/03\/12.-AG-Bauen-und-Konstruieren-2019-e1552979081870-224x300.jpg\" alt=\"\" width=\"224\" height=\"300\" srcset=\"https:\/\/www.friedrich-spee-realschule-plus.de\/wp-content\/uploads\/2019\/03\/12.-AG-Bauen-und-Konstruieren-2019-e1552979081870-224x300.jpg 224w, https:\/\/www.friedrich-spee-realschule-plus.de\/wp-content\/uploads\/2019\/03\/12.-AG-Bauen-und-Konstruieren-2019-e1552979081870-768x1028.jpg 768w, https:\/\/www.friedrich-spee-realschule-plus.de\/wp-content\/uploads\/2019\/03\/12.-AG-Bauen-und-Konstruieren-2019-e1552979081870-807x1080.jpg 807w, https:\/\/www.friedrich-spee-realschule-plus.de\/wp-content\/uploads\/2019\/03\/12.-AG-Bauen-und-Konstruieren-2019-e1552979081870-112x150.jpg 112w, https:\/\/www.friedrich-spee-realschule-plus.de\/wp-content\/uploads\/2019\/03\/12.-AG-Bauen-und-Konstruieren-2019-e1552979081870.jpg 1500w\" sizes=\"auto, (max-width: 224px) 100vw, 224px\" \/><\/h1>\n<h4><img loading=\"lazy\" decoding=\"async\" class=\"alignnone size-medium wp-image-2807\" src=\"https:\/\/www.friedrich-spee-realschule-plus.de\/wp-content\/uploads\/2019\/03\/13.-AG-Bauen-und-Konstruieren-2019-256x300.png\" alt=\"\" width=\"256\" height=\"300\" srcset=\"https:\/\/www.friedrich-spee-realschule-plus.de\/wp-content\/uploads\/2019\/03\/13.-AG-Bauen-und-Konstruieren-2019-256x300.png 256w, https:\/\/www.friedrich-spee-realschule-plus.de\/wp-content\/uploads\/2019\/03\/13.-AG-Bauen-und-Konstruieren-2019-128x150.png 128w, https:\/\/www.friedrich-spee-realschule-plus.de\/wp-content\/uploads\/2019\/03\/13.-AG-Bauen-und-Konstruieren-2019.png 510w\" sizes=\"auto, (max-width: 256px) 100vw, 256px\" \/><\/h4>\n<h4>-&gt; Ihr seid die allergr\u00f6\u00dften Baumeister \ud83d\ude42<\/h4>\n<\/p>\n<hr>\n<h1>AG-Kinder helfen beim Schnuppernachmittag<img loading=\"lazy\" decoding=\"async\" class=\"alignnone size-medium wp-image-2656\" src=\"https:\/\/www.friedrich-spee-realschule-plus.de\/wp-content\/uploads\/2019\/01\/IMG_3458-Andere-300x224.jpg\" alt=\"\" width=\"300\" height=\"224\" srcset=\"https:\/\/www.friedrich-spee-realschule-plus.de\/wp-content\/uploads\/2019\/01\/IMG_3458-Andere-300x224.jpg 300w, https:\/\/www.friedrich-spee-realschule-plus.de\/wp-content\/uploads\/2019\/01\/IMG_3458-Andere-768x574.jpg 768w, https:\/\/www.friedrich-spee-realschule-plus.de\/wp-content\/uploads\/2019\/01\/IMG_3458-Andere-1446x1080.jpg 1446w, https:\/\/www.friedrich-spee-realschule-plus.de\/wp-content\/uploads\/2019\/01\/IMG_3458-Andere-150x112.jpg 150w, https:\/\/www.friedrich-spee-realschule-plus.de\/wp-content\/uploads\/2019\/01\/IMG_3458-Andere.jpg 2008w\" sizes=\"auto, (max-width: 300px) 100vw, 300px\" \/><\/h1>\n<h1><img loading=\"lazy\" decoding=\"async\" class=\"alignnone size-medium wp-image-2655\" src=\"https:\/\/www.friedrich-spee-realschule-plus.de\/wp-content\/uploads\/2019\/01\/IMG_3456-Andere-300x224.jpg\" alt=\"\" width=\"300\" height=\"224\" srcset=\"https:\/\/www.friedrich-spee-realschule-plus.de\/wp-content\/uploads\/2019\/01\/IMG_3456-Andere-300x224.jpg 300w, https:\/\/www.friedrich-spee-realschule-plus.de\/wp-content\/uploads\/2019\/01\/IMG_3456-Andere-768x574.jpg 768w, https:\/\/www.friedrich-spee-realschule-plus.de\/wp-content\/uploads\/2019\/01\/IMG_3456-Andere-1446x1080.jpg 1446w, https:\/\/www.friedrich-spee-realschule-plus.de\/wp-content\/uploads\/2019\/01\/IMG_3456-Andere-150x112.jpg 150w, https:\/\/www.friedrich-spee-realschule-plus.de\/wp-content\/uploads\/2019\/01\/IMG_3456-Andere.jpg 2008w\" sizes=\"auto, (max-width: 300px) 100vw, 300px\" \/><\/h1>\n<p>Die sechs Sch\u00fclerinnen und Sch\u00fcler der H\u00e4kel-AG halfen flei\u00dfig beim Schnuppernachmittag mit: Sie bastelten mit den Viertkl\u00e4sslern den Stundenplan. Dabei bewiesen sie sehr viel Einf\u00fchlungsverm\u00f6gen und nahmen sich viel Zeit, sich in Ruhe um jedes Kind zu k\u00fcmmern.<\/p>\n<h5><em><strong>-&gt; Das habt ihr ganz toll gemacht! \ud83d\ude42<\/strong><\/em><\/h5>\n<\/p>\n<h1>&#8212;&#8212;&#8212;&#8212;&#8212;&#8212;&#8212;&#8212;&#8212;&#8212;&#8212;&#8212;&#8212;&#8212;&#8212;&#8212;<\/h1>\n<h1>AG h\u00e4kelt wunderbare kleine Tiere<\/h1>\n<p><img loading=\"lazy\" decoding=\"async\" class=\"alignnone size-medium wp-image-2657\" src=\"https:\/\/www.friedrich-spee-realschule-plus.de\/wp-content\/uploads\/2019\/01\/2.-H\u00e4kel-AG-2018-300x223.png\" alt=\"\" width=\"300\" height=\"223\" srcset=\"https:\/\/www.friedrich-spee-realschule-plus.de\/wp-content\/uploads\/2019\/01\/2.-H\u00e4kel-AG-2018-300x223.png 300w, https:\/\/www.friedrich-spee-realschule-plus.de\/wp-content\/uploads\/2019\/01\/2.-H\u00e4kel-AG-2018-150x112.png 150w, https:\/\/www.friedrich-spee-realschule-plus.de\/wp-content\/uploads\/2019\/01\/2.-H\u00e4kel-AG-2018.png 632w\" sizes=\"auto, (max-width: 300px) 100vw, 300px\" \/><img loading=\"lazy\" decoding=\"async\" class=\"alignnone size-medium wp-image-2654\" src=\"https:\/\/www.friedrich-spee-realschule-plus.de\/wp-content\/uploads\/2019\/01\/IMG_3228-Andere-300x224.jpg\" alt=\"\" width=\"300\" height=\"224\" srcset=\"https:\/\/www.friedrich-spee-realschule-plus.de\/wp-content\/uploads\/2019\/01\/IMG_3228-Andere-300x224.jpg 300w, https:\/\/www.friedrich-spee-realschule-plus.de\/wp-content\/uploads\/2019\/01\/IMG_3228-Andere-768x574.jpg 768w, https:\/\/www.friedrich-spee-realschule-plus.de\/wp-content\/uploads\/2019\/01\/IMG_3228-Andere-1446x1080.jpg 1446w, https:\/\/www.friedrich-spee-realschule-plus.de\/wp-content\/uploads\/2019\/01\/IMG_3228-Andere-150x112.jpg 150w, https:\/\/www.friedrich-spee-realschule-plus.de\/wp-content\/uploads\/2019\/01\/IMG_3228-Andere.jpg 2008w\" sizes=\"auto, (max-width: 300px) 100vw, 300px\" \/><\/p>\n<p>Alle haben in dieser AG das H\u00e4keln gelernt und wunderbare kleine Tiere und B\u00e4lle geh\u00e4kelt. Darauf war jeder sehr stolz, ich nat\u00fcrlich auch \ud83d\ude09 .<\/p>\n<p>Im Moment sind alle H\u00e4kelsachen in unserer Bibliothek ausgestellt.<\/p>\n<p><strong>&#8212;&#8212;&#8212;&#8212;&#8212;&#8212;&#8212;&#8212;&#8212;&#8212;&#8212;&#8212;&#8212;&#8212;&#8212;&#8212;&#8212;&#8212;&#8212;&#8212;&#8212;&#8212;&#8212;&#8212;&#8212;&#8212;<\/strong><\/p>\n<h1>Tolle Er\u00f6ffnungsfeier der Wanderausstellung in der Tourist-Information in Neumagen-Dhron<\/h1>\n<p>Mit einer sch\u00f6nen Feier ist unsere Wanderausstellung in Neumagen-Dhron er\u00f6ffnet worden. Klara, Sophie, Isabell und Jule haben eine Er\u00f6ffnungsrede gehalten und danach an die vielen G\u00e4ste den &#8222;Armen Ritter&#8220; als H\u00e4ppchen angeboten. Auf der Tafel sind die sch\u00f6nen Anekdoten und Rezepte von fr\u00fcher festgehalten. Diese sollen die G\u00e4ste zum Schmunzeln, zum Erz\u00e4hlen und zum Staunen bringen.<\/p>\n<h1><img loading=\"lazy\" decoding=\"async\" class=\"size-medium wp-image-2643 aligncenter\" src=\"https:\/\/www.friedrich-spee-realschule-plus.de\/wp-content\/uploads\/2019\/01\/Er\u00f6ffnungsfeier-Wanderausstellung-3-300x181.png\" alt=\"\" width=\"300\" height=\"181\" srcset=\"https:\/\/www.friedrich-spee-realschule-plus.de\/wp-content\/uploads\/2019\/01\/Er\u00f6ffnungsfeier-Wanderausstellung-3-300x181.png 300w, https:\/\/www.friedrich-spee-realschule-plus.de\/wp-content\/uploads\/2019\/01\/Er\u00f6ffnungsfeier-Wanderausstellung-3-768x463.png 768w, https:\/\/www.friedrich-spee-realschule-plus.de\/wp-content\/uploads\/2019\/01\/Er\u00f6ffnungsfeier-Wanderausstellung-3-150x90.png 150w, https:\/\/www.friedrich-spee-realschule-plus.de\/wp-content\/uploads\/2019\/01\/Er\u00f6ffnungsfeier-Wanderausstellung-3-250x150.png 250w, https:\/\/www.friedrich-spee-realschule-plus.de\/wp-content\/uploads\/2019\/01\/Er\u00f6ffnungsfeier-Wanderausstellung-3.png 797w\" sizes=\"auto, (max-width: 300px) 100vw, 300px\" \/><\/h1>\n<h1><img loading=\"lazy\" decoding=\"async\" class=\"size-medium wp-image-2641 aligncenter\" src=\"https:\/\/www.friedrich-spee-realschule-plus.de\/wp-content\/uploads\/2019\/01\/Er\u00f6ffnungsfeier-Wanderausstellung-1-300x169.jpg\" alt=\"\" width=\"300\" height=\"169\" srcset=\"https:\/\/www.friedrich-spee-realschule-plus.de\/wp-content\/uploads\/2019\/01\/Er\u00f6ffnungsfeier-Wanderausstellung-1-300x169.jpg 300w, https:\/\/www.friedrich-spee-realschule-plus.de\/wp-content\/uploads\/2019\/01\/Er\u00f6ffnungsfeier-Wanderausstellung-1-768x432.jpg 768w, https:\/\/www.friedrich-spee-realschule-plus.de\/wp-content\/uploads\/2019\/01\/Er\u00f6ffnungsfeier-Wanderausstellung-1-1920x1080.jpg 1920w, https:\/\/www.friedrich-spee-realschule-plus.de\/wp-content\/uploads\/2019\/01\/Er\u00f6ffnungsfeier-Wanderausstellung-1-150x84.jpg 150w\" sizes=\"auto, (max-width: 300px) 100vw, 300px\" \/><\/h1>\n<h1><img loading=\"lazy\" decoding=\"async\" class=\"size-medium wp-image-2642 aligncenter\" src=\"https:\/\/www.friedrich-spee-realschule-plus.de\/wp-content\/uploads\/2019\/01\/Er\u00f6ffnungsfeier-Wanderausstellung-2-300x188.jpg\" alt=\"\" width=\"300\" height=\"188\" srcset=\"https:\/\/www.friedrich-spee-realschule-plus.de\/wp-content\/uploads\/2019\/01\/Er\u00f6ffnungsfeier-Wanderausstellung-2-300x188.jpg 300w, https:\/\/www.friedrich-spee-realschule-plus.de\/wp-content\/uploads\/2019\/01\/Er\u00f6ffnungsfeier-Wanderausstellung-2-768x482.jpg 768w, https:\/\/www.friedrich-spee-realschule-plus.de\/wp-content\/uploads\/2019\/01\/Er\u00f6ffnungsfeier-Wanderausstellung-2-1722x1080.jpg 1722w, https:\/\/www.friedrich-spee-realschule-plus.de\/wp-content\/uploads\/2019\/01\/Er\u00f6ffnungsfeier-Wanderausstellung-2-150x94.jpg 150w\" sizes=\"auto, (max-width: 300px) 100vw, 300px\" \/><\/h1>\n<p><strong>-&gt; Damit die Erinnerungen von fr\u00fcher nicht in Vergessenheit geraten<\/strong><\/p>\n<p><strong>-&gt; Damit Generationen zusammenkommen<\/strong><\/p>\n<p><strong>-&gt; Damit die typische Kultur unserer Heimat gewertsch\u00e4tzt wird<\/strong><\/p>\n<p><strong>-&gt; Damit alle teilhaben k\u00f6nnen<\/strong><\/p>\n<h1>&#8212;&#8212;&#8212;&#8212;&#8212;&#8212;&#8212;&#8212;&#8212;&#8212;&#8212;&#8212;&#8212;&#8212;&#8211;<\/h1>\n<h1>Aufruf an alle Gro\u00dfeltern und Urgro\u00dfeltern unserer Sch\u00fclerinnen und Sch\u00fcler:<\/h1>\n<h4><img loading=\"lazy\" decoding=\"async\" class=\"alignnone wp-image-2194\" src=\"https:\/\/www.friedrich-spee-realschule-plus.de\/wp-content\/uploads\/2018\/05\/Screenshot-2018-05-16-09.04.58-300x127.png\" alt=\"\" width=\"537\" height=\"227\" srcset=\"https:\/\/www.friedrich-spee-realschule-plus.de\/wp-content\/uploads\/2018\/05\/Screenshot-2018-05-16-09.04.58-300x127.png 300w, https:\/\/www.friedrich-spee-realschule-plus.de\/wp-content\/uploads\/2018\/05\/Screenshot-2018-05-16-09.04.58-768x325.png 768w, https:\/\/www.friedrich-spee-realschule-plus.de\/wp-content\/uploads\/2018\/05\/Screenshot-2018-05-16-09.04.58-150x64.png 150w, https:\/\/www.friedrich-spee-realschule-plus.de\/wp-content\/uploads\/2018\/05\/Screenshot-2018-05-16-09.04.58.png 1339w\" sizes=\"auto, (max-width: 537px) 100vw, 537px\" \/><\/h4>\n<h3>Liebe Gro\u00dfeltern und Urgro\u00dfeltern,<\/h3>\n<h4>wir brauchen Ihre Unterst\u00fctzung:<\/h4>\n<h4>Wir sind Sch\u00fclerinnen der Friedrich-Spee-Realschule plus Neumagen-Dhron und mit unserer Schulsozialarbeiterin Frau Hermanns m\u00f6chten wir Ihre Rezepte von fr\u00fcher sammeln, nachkochen und weitergeben, damit nichts vergessen wird. Unser Motto: <em>Teilen macht gl\u00fccklich! <\/em><\/h4>\n<h4>Was gab es in Ihrer Kindheit zu Mittag? Vielleicht ein Rezept, welches heute nicht mehr so bekannt ist? M\u00f6chten Sie uns unterst\u00fctzen und uns Rezepte Ihrer Kindheit zeigen? M\u00f6gen Sie&nbsp;vielleicht sogar gemeinsam mit uns kochen? Wir w\u00fcrden uns sehr freuen, wenn Sie sich bei uns melden. Vielen herzlichen Dank!<\/h4>\n<p>Telefon von Frau Hermanns: 06507-926451<\/p>\n<p><img loading=\"lazy\" decoding=\"async\" class=\"alignnone size-medium wp-image-2193\" src=\"https:\/\/www.friedrich-spee-realschule-plus.de\/wp-content\/uploads\/2018\/05\/Foto-gut-Kopie-Large-300x200.jpg\" alt=\"\" width=\"300\" height=\"200\" srcset=\"https:\/\/www.friedrich-spee-realschule-plus.de\/wp-content\/uploads\/2018\/05\/Foto-gut-Kopie-Large-300x200.jpg 300w, https:\/\/www.friedrich-spee-realschule-plus.de\/wp-content\/uploads\/2018\/05\/Foto-gut-Kopie-Large-768x512.jpg 768w, https:\/\/www.friedrich-spee-realschule-plus.de\/wp-content\/uploads\/2018\/05\/Foto-gut-Kopie-Large.jpg 1620w, https:\/\/www.friedrich-spee-realschule-plus.de\/wp-content\/uploads\/2018\/05\/Foto-gut-Kopie-Large-150x100.jpg 150w\" sizes=\"auto, (max-width: 300px) 100vw, 300px\" \/><strong>Ihr seid ein tolles Team und ich freue mich, mit euch zusammen zu arbeiten. Hoffentlich bekommen wir ein paar Rezepte, dann k\u00f6nnen wir loslegen. Immerhin wollen wir uns damit ja beim Bundeswettbewerb Sozial Engagierter Sch\u00fcler bewerben! \ud83d\ude42<\/strong><\/p>\n<h1>&nbsp;___________________________________<\/h1>\n<h1>&nbsp;<\/h1>\n<h1>Theater mit Hein Knack<\/h1>\n<p>Zum Thementag &#8222;<strong>Rauchen &#8211; nein danke<\/strong>&#8220; kam Herr Diedenhofen mit seinem Theaterst\u00fcck &#8222;Abgebrannt&#8220; f\u00fcr unsere siebten Klassen in unsere Schule:<\/p>\n<p><img loading=\"lazy\" decoding=\"async\" class=\"alignnone size-medium wp-image-2133\" src=\"https:\/\/https:\/\/https:\/\/https:\/\/www.friedrich-spee-realschule-plus.de\/wp-content\/uploads\/2018\/03\/Foto6-Hein-Knack-2018-300x200.jpg\" alt=\"\" width=\"300\" height=\"200\" srcset=\"https:\/\/www.friedrich-spee-realschule-plus.de\/wp-content\/uploads\/2018\/03\/Foto6-Hein-Knack-2018-300x200.jpg 300w, https:\/\/www.friedrich-spee-realschule-plus.de\/wp-content\/uploads\/2018\/03\/Foto6-Hein-Knack-2018-768x512.jpg 768w, https:\/\/www.friedrich-spee-realschule-plus.de\/wp-content\/uploads\/2018\/03\/Foto6-Hein-Knack-2018.jpg 1620w, https:\/\/www.friedrich-spee-realschule-plus.de\/wp-content\/uploads\/2018\/03\/Foto6-Hein-Knack-2018-150x100.jpg 150w\" sizes=\"auto, (max-width: 300px) 100vw, 300px\" \/><img loading=\"lazy\" decoding=\"async\" class=\"alignnone size-medium wp-image-2131\" src=\"https:\/\/https:\/\/https:\/\/https:\/\/www.friedrich-spee-realschule-plus.de\/wp-content\/uploads\/2018\/03\/Foto4-Hein-Knack-2018-300x200.jpg\" alt=\"\" width=\"300\" height=\"200\" srcset=\"https:\/\/www.friedrich-spee-realschule-plus.de\/wp-content\/uploads\/2018\/03\/Foto4-Hein-Knack-2018-300x200.jpg 300w, https:\/\/www.friedrich-spee-realschule-plus.de\/wp-content\/uploads\/2018\/03\/Foto4-Hein-Knack-2018-768x512.jpg 768w, https:\/\/www.friedrich-spee-realschule-plus.de\/wp-content\/uploads\/2018\/03\/Foto4-Hein-Knack-2018.jpg 1620w, https:\/\/www.friedrich-spee-realschule-plus.de\/wp-content\/uploads\/2018\/03\/Foto4-Hein-Knack-2018-150x100.jpg 150w\" sizes=\"auto, (max-width: 300px) 100vw, 300px\" \/><img loading=\"lazy\" decoding=\"async\" class=\"alignnone size-medium wp-image-2130\" src=\"https:\/\/https:\/\/https:\/\/https:\/\/www.friedrich-spee-realschule-plus.de\/wp-content\/uploads\/2018\/03\/Foto2-Hein-Knack-2018-300x200.jpg\" alt=\"\" width=\"300\" height=\"200\" srcset=\"https:\/\/www.friedrich-spee-realschule-plus.de\/wp-content\/uploads\/2018\/03\/Foto2-Hein-Knack-2018-300x200.jpg 300w, https:\/\/www.friedrich-spee-realschule-plus.de\/wp-content\/uploads\/2018\/03\/Foto2-Hein-Knack-2018-768x512.jpg 768w, https:\/\/www.friedrich-spee-realschule-plus.de\/wp-content\/uploads\/2018\/03\/Foto2-Hein-Knack-2018.jpg 1620w, https:\/\/www.friedrich-spee-realschule-plus.de\/wp-content\/uploads\/2018\/03\/Foto2-Hein-Knack-2018-150x100.jpg 150w\" sizes=\"auto, (max-width: 300px) 100vw, 300px\" \/><img loading=\"lazy\" decoding=\"async\" class=\"alignnone size-medium wp-image-2129\" src=\"https:\/\/https:\/\/https:\/\/https:\/\/www.friedrich-spee-realschule-plus.de\/wp-content\/uploads\/2018\/03\/Foto1-Hein-Knack-2018-300x200.jpg\" alt=\"\" width=\"300\" height=\"200\" srcset=\"https:\/\/www.friedrich-spee-realschule-plus.de\/wp-content\/uploads\/2018\/03\/Foto1-Hein-Knack-2018-300x200.jpg 300w, https:\/\/www.friedrich-spee-realschule-plus.de\/wp-content\/uploads\/2018\/03\/Foto1-Hein-Knack-2018-768x512.jpg 768w, https:\/\/www.friedrich-spee-realschule-plus.de\/wp-content\/uploads\/2018\/03\/Foto1-Hein-Knack-2018.jpg 1620w, https:\/\/www.friedrich-spee-realschule-plus.de\/wp-content\/uploads\/2018\/03\/Foto1-Hein-Knack-2018-150x100.jpg 150w\" sizes=\"auto, (max-width: 300px) 100vw, 300px\" \/><img loading=\"lazy\" decoding=\"async\" class=\"alignnone size-medium wp-image-2134\" src=\"https:\/\/https:\/\/https:\/\/https:\/\/www.friedrich-spee-realschule-plus.de\/wp-content\/uploads\/2018\/03\/Foto7-Hein-Knack-2018-300x200.jpg\" alt=\"\" width=\"300\" height=\"200\" srcset=\"https:\/\/www.friedrich-spee-realschule-plus.de\/wp-content\/uploads\/2018\/03\/Foto7-Hein-Knack-2018-300x200.jpg 300w, https:\/\/www.friedrich-spee-realschule-plus.de\/wp-content\/uploads\/2018\/03\/Foto7-Hein-Knack-2018-768x512.jpg 768w, https:\/\/www.friedrich-spee-realschule-plus.de\/wp-content\/uploads\/2018\/03\/Foto7-Hein-Knack-2018.jpg 1620w, https:\/\/www.friedrich-spee-realschule-plus.de\/wp-content\/uploads\/2018\/03\/Foto7-Hein-Knack-2018-150x100.jpg 150w\" sizes=\"auto, (max-width: 300px) 100vw, 300px\" \/><img loading=\"lazy\" decoding=\"async\" class=\"alignnone size-medium wp-image-2135\" src=\"https:\/\/https:\/\/https:\/\/https:\/\/www.friedrich-spee-realschule-plus.de\/wp-content\/uploads\/2018\/03\/Foto3-Hein-Knack-2018-300x200.jpg\" alt=\"\" width=\"300\" height=\"200\" srcset=\"https:\/\/www.friedrich-spee-realschule-plus.de\/wp-content\/uploads\/2018\/03\/Foto3-Hein-Knack-2018-300x200.jpg 300w, https:\/\/www.friedrich-spee-realschule-plus.de\/wp-content\/uploads\/2018\/03\/Foto3-Hein-Knack-2018-768x512.jpg 768w, https:\/\/www.friedrich-spee-realschule-plus.de\/wp-content\/uploads\/2018\/03\/Foto3-Hein-Knack-2018.jpg 1620w, https:\/\/www.friedrich-spee-realschule-plus.de\/wp-content\/uploads\/2018\/03\/Foto3-Hein-Knack-2018-150x100.jpg 150w\" sizes=\"auto, (max-width: 300px) 100vw, 300px\" \/><\/p>\n<p>Herr Diedenhofen alias Hein Knack schafft es immer wieder in seinem St\u00fcck, die Sch\u00fclerinnen und Sch\u00fcler mitzurei\u00dfen, zum Lachen aber auch zum Nachdenken zu bringen. Nach dem Theater kam er nochmal mit den Sch\u00fclerinnen und Sch\u00fclern ins Gespr\u00e4ch, was viele dazu nutzten, ihre Fragen zu stellen.<\/p>\n<pre>&nbsp;<\/pre>\n<h1>Jungen-AG startet rasant!<\/h1>\n<p>Die Jungen-AG von Frau Hermanns l\u00e4uft im 2. Schulhalbjahr immer am Montagnachmittag und sie bringt allen richtig viel Spa\u00df! Die Jungs konnten viele Ideen f\u00fcr die AG selbst mit einbringen. So werden jetzt montags:<\/p>\n<p><img loading=\"lazy\" decoding=\"async\" class=\"alignnone size-medium wp-image-2124\" src=\"https:\/\/https:\/\/https:\/\/https:\/\/www.friedrich-spee-realschule-plus.de\/wp-content\/uploads\/2018\/03\/Jungen-AG-2018-1-e1520930497845-224x300.jpg\" alt=\"\" width=\"224\" height=\"300\" srcset=\"https:\/\/www.friedrich-spee-realschule-plus.de\/wp-content\/uploads\/2018\/03\/Jungen-AG-2018-1-e1520930497845-224x300.jpg 224w, https:\/\/www.friedrich-spee-realschule-plus.de\/wp-content\/uploads\/2018\/03\/Jungen-AG-2018-1-e1520930497845-768x1028.jpg 768w, https:\/\/www.friedrich-spee-realschule-plus.de\/wp-content\/uploads\/2018\/03\/Jungen-AG-2018-1-e1520930497845-807x1080.jpg 807w, https:\/\/www.friedrich-spee-realschule-plus.de\/wp-content\/uploads\/2018\/03\/Jungen-AG-2018-1-e1520930497845-112x150.jpg 112w, https:\/\/www.friedrich-spee-realschule-plus.de\/wp-content\/uploads\/2018\/03\/Jungen-AG-2018-1-e1520930497845.jpg 1080w\" sizes=\"auto, (max-width: 224px) 100vw, 224px\" \/>&nbsp; &#8230;tolle Spiele gespielt,<\/p>\n<p><img loading=\"lazy\" decoding=\"async\" class=\"alignnone size-medium wp-image-2122\" src=\"https:\/\/https:\/\/https:\/\/https:\/\/www.friedrich-spee-realschule-plus.de\/wp-content\/uploads\/2018\/03\/Jungen-AG-2018-e1520930519279-224x300.jpg\" alt=\"\" width=\"224\" height=\"300\" srcset=\"https:\/\/www.friedrich-spee-realschule-plus.de\/wp-content\/uploads\/2018\/03\/Jungen-AG-2018-e1520930519279-224x300.jpg 224w, https:\/\/www.friedrich-spee-realschule-plus.de\/wp-content\/uploads\/2018\/03\/Jungen-AG-2018-e1520930519279-768x1028.jpg 768w, https:\/\/www.friedrich-spee-realschule-plus.de\/wp-content\/uploads\/2018\/03\/Jungen-AG-2018-e1520930519279-807x1080.jpg 807w, https:\/\/www.friedrich-spee-realschule-plus.de\/wp-content\/uploads\/2018\/03\/Jungen-AG-2018-e1520930519279-112x150.jpg 112w, https:\/\/www.friedrich-spee-realschule-plus.de\/wp-content\/uploads\/2018\/03\/Jungen-AG-2018-e1520930519279.jpg 1080w\" sizes=\"auto, (max-width: 224px) 100vw, 224px\" \/> &#8230;rasante Autorennen ausgetragen (an dieser Stelle ein riesen Dank an den Hauptsponsor dieser Rennbahn: dem F\u00f6rderverein unserer Schule!),<\/p>\n<p>gekocht und gebacken (dazu k\u00fcmmern sich die Sch\u00fcler um die Rezepte, zubereitet wird gemeinsam), Ballspiele drau\u00dfen gespielt, an einem Modellbau gearbeitet und (nat\u00fcrlich) ein soziales Projekt umgesetzt! Wichtig ist Frau Hermanns zu einen, dass die Sch\u00fcler eigene St\u00e4rken erkennen, auf die sie aufbauen k\u00f6nnen. Zum anderen ist es prima, dass die Gruppe schon so gut zusammenarbeiten kann.<\/p>\n<p>Nach der AG ist gen\u00fcgend Zeit, um die Hausaufgaben zu erledigen.<\/p>\n<p>Die Jungs k\u00f6nnen es kaum erwarten, dass wieder Montag ist. Ihr Fazit: Ganztagsschule bringt Spa\u00df!<\/p>\n<p><strong><em>&#8220; Ich freue mich auch auf jeden Montagnachmittag, toll ist ja auch, dass wir so viel lachen!&#8220; Heike Hermanns<\/em><\/strong><\/p>\n<p>____________________________________________________________________________________________<\/p>\n<p><!--more--><\/p>\n<h1>Andere gl\u00fccklich machen<\/h1>\n<p>Die &#8222;happy &amp; fit&#8220; M\u00e4dchen-AG von Frau Hermanns hatte einen sch\u00f6nen Gesangsauftritt im SENIORENZENTRUM AGO in Piesport. Sieben Lieder trugen die M\u00e4dchen vor, begleitet von Frau Hermanns an der Gitarre.<\/p>\n<p><img loading=\"lazy\" decoding=\"async\" class=\"alignnone wp-image-2000\" src=\"https:\/\/https:\/\/https:\/\/https:\/\/www.friedrich-spee-realschule-plus.de\/wp-content\/uploads\/2017\/11\/Auftritt-M\u00e4dchen-AG-in-Piesport-2017-1-300x108.png\" alt=\"\" width=\"464\" height=\"167\" srcset=\"https:\/\/www.friedrich-spee-realschule-plus.de\/wp-content\/uploads\/2017\/11\/Auftritt-M\u00e4dchen-AG-in-Piesport-2017-1-300x108.png 300w, https:\/\/www.friedrich-spee-realschule-plus.de\/wp-content\/uploads\/2017\/11\/Auftritt-M\u00e4dchen-AG-in-Piesport-2017-1-768x277.png 768w, https:\/\/www.friedrich-spee-realschule-plus.de\/wp-content\/uploads\/2017\/11\/Auftritt-M\u00e4dchen-AG-in-Piesport-2017-1-150x54.png 150w, https:\/\/www.friedrich-spee-realschule-plus.de\/wp-content\/uploads\/2017\/11\/Auftritt-M\u00e4dchen-AG-in-Piesport-2017-1.png 1308w\" sizes=\"auto, (max-width: 464px) 100vw, 464px\" \/><\/p>\n<p><strong><em>&#8222;Ihr seid ganz tolle S\u00e4ngerinnen, ich bin sehr stolz auf Euch!&#8220; Heike Hermanns<br \/><\/em><\/strong><\/p>\n<p><img loading=\"lazy\" decoding=\"async\" class=\"alignnone size-medium wp-image-1999\" src=\"https:\/\/https:\/\/https:\/\/https:\/\/www.friedrich-spee-realschule-plus.de\/wp-content\/uploads\/2017\/11\/Auftritt-Piesport-2017-e1510042699559-225x300.jpg\" alt=\"\" width=\"225\" height=\"300\" srcset=\"https:\/\/www.friedrich-spee-realschule-plus.de\/wp-content\/uploads\/2017\/11\/Auftritt-Piesport-2017-e1510042699559-225x300.jpg 225w, https:\/\/www.friedrich-spee-realschule-plus.de\/wp-content\/uploads\/2017\/11\/Auftritt-Piesport-2017-e1510042699559-768x1024.jpg 768w, https:\/\/www.friedrich-spee-realschule-plus.de\/wp-content\/uploads\/2017\/11\/Auftritt-Piesport-2017-e1510042699559-810x1080.jpg 810w, https:\/\/www.friedrich-spee-realschule-plus.de\/wp-content\/uploads\/2017\/11\/Auftritt-Piesport-2017-e1510042699559-113x150.jpg 113w, https:\/\/www.friedrich-spee-realschule-plus.de\/wp-content\/uploads\/2017\/11\/Auftritt-Piesport-2017-e1510042699559.jpg 1080w\" sizes=\"auto, (max-width: 225px) 100vw, 225px\" \/>Organisiert von Frau Iskra wird die Friedrich-Spee-Realschule plus in den n\u00e4chsten Wochen an mehreren Events im Seniorenzentrum beteiligt sein und freut sich auf die Veranstaltungen.<\/p>\n<hr>\n<h1>&nbsp;<\/h1>\n<h1>Die Schwedenfahrt des Gewinner-Teams<\/h1>\n<p>Von unserem Gewinner-Team sind Mira Falkenburg und Sofie Berners eine Woche nach Schweden gefahren. Begleitet wurden sie von ihrer Lehrerin Frau Schmitt und vom Rotary-Jugendleiter Patrick Emonts. Eine Woche Schweden, das war der Gewinner-Preis f\u00fcr unseren Team-Beitrag mit unserem Notfallmonster-Buch f\u00fcr den Bundeswettbewerb sozial-engagierter Sch\u00fcler.<\/p>\n<p>Die Woche war toll, hier ist Sofies Bericht:<\/p>\n<h2><em><strong>Unsere Gewinner-Reise nach Schweden<\/strong><\/em><\/h2>\n<p><em><strong>Nach unserem Flug a<\/strong><\/em><em><strong>b Br\u00fcssel wurden wir direkt von einem \u00e4u\u00dferst freundlichen und sympathischen Rotarier abgeholt und zum Hotel nach Malm\u00f6 gebracht. Samstagabend durften wir bei einem schicken Abendessen mit den Rotariern im Rathaus teilnehmen. Ich war \u00fcberrascht, wie schick dort alles war: die Frauen in Abendkleidern und die Herren in Anz\u00fcgen. <\/strong><\/em><\/p>\n<p><em><strong>Al<\/strong><\/em><em><strong>les sah <\/strong><\/em><em><strong>aus, <\/strong><\/em><em><strong><img loading=\"lazy\" decoding=\"async\" class=\"alignnone size-medium wp-image-1980\" src=\"https:\/\/https:\/\/https:\/\/https:\/\/www.friedrich-spee-realschule-plus.de\/wp-content\/uploads\/2017\/10\/2.-Foto-Schweden-2017-300x225.jpg\" alt=\"\" width=\"300\" height=\"225\" srcset=\"https:\/\/www.friedrich-spee-realschule-plus.de\/wp-content\/uploads\/2017\/10\/2.-Foto-Schweden-2017-300x225.jpg 300w, https:\/\/www.friedrich-spee-realschule-plus.de\/wp-content\/uploads\/2017\/10\/2.-Foto-Schweden-2017-768x576.jpg 768w, https:\/\/www.friedrich-spee-realschule-plus.de\/wp-content\/uploads\/2017\/10\/2.-Foto-Schweden-2017.jpg 1440w, https:\/\/www.friedrich-spee-realschule-plus.de\/wp-content\/uploads\/2017\/10\/2.-Foto-Schweden-2017-150x113.jpg 150w\" sizes=\"auto, (max-width: 300px) 100vw, 300px\" \/><\/strong><\/em><em><strong> wie in <\/strong><\/em><em><strong>eine<\/strong><\/em><em><strong>m M\u00e4rchen! <\/strong><\/em><em><strong>Am Sonntag wurden wir zu einer F\u00fchrung in einem echten U-Boot eingeladen. Dies war unglaublich spannend, da die F\u00fchrung auf Deutsch war und der Mann von seinen Erlebnissen auf dem U-Boot erz\u00e4hlte.&nbsp;<\/strong><\/em><\/p>\n<p><em><strong><img loading=\"lazy\" decoding=\"async\" class=\"alignnone wp-image-1981\" src=\"https:\/\/https:\/\/https:\/\/https:\/\/www.friedrich-spee-realschule-plus.de\/wp-content\/uploads\/2017\/10\/3.-Foto-Schweden-2017-300x169.jpg\" alt=\"\" width=\"350\" height=\"197\" srcset=\"https:\/\/www.friedrich-spee-realschule-plus.de\/wp-content\/uploads\/2017\/10\/3.-Foto-Schweden-2017-300x169.jpg 300w, https:\/\/www.friedrich-spee-realschule-plus.de\/wp-content\/uploads\/2017\/10\/3.-Foto-Schweden-2017-768x432.jpg 768w, https:\/\/www.friedrich-spee-realschule-plus.de\/wp-content\/uploads\/2017\/10\/3.-Foto-Schweden-2017-150x84.jpg 150w, https:\/\/www.friedrich-spee-realschule-plus.de\/wp-content\/uploads\/2017\/10\/3.-Foto-Schweden-2017.jpg 1920w\" sizes=\"auto, (max-width: 350px) 100vw, 350px\" \/><br \/><\/strong><\/em><em><strong>Montags gab es eine Tour durch ein paar Orte in der Gegend um Malm\u00f6. Am Sch\u00f6nsten <\/strong><\/em><em><strong>war es am Meer, da haben wir viel gelacht! <\/strong><\/em><em><strong>Dienstags und mittwochs wurden wir in die schwedische Schule eingeladen. Dort stellten wir viele Unterschiede zu unserer deutschen Schule fest, wie zum Beispiel, dass es verboten ist, dass die Sch\u00fcler irgendetwas f\u00fcr die Schule bezahlen m\u00fcssen. Mira und ich sa\u00dfen neben schwedischen Sch\u00fclern, die sich um uns k\u00fcmmerten. Wir konnten auch schon einiges im Unterricht verstehen, obwohl in Schwedisch und Englisch unterrichtet wurde. Bevor es am Freitag wieder im Flieger nach Hause ging, sahen wir noch Helsingborg, lie\u00dfen uns ein Tattoo stechen, wasserl\u00f6slich : ) und bummelten durch das sch\u00f6ne Malm\u00f6. Am letzten Tag verabschiedeten wir uns von den sehr gastfreundlichen Rotariern und von unserem Jugendbegleiter Patrick, den wir schon sehr in unser Herz geschlossen hatten.<\/strong><\/em><\/p>\n<p><em><strong><img loading=\"lazy\" decoding=\"async\" class=\"alignnone wp-image-1979\" src=\"https:\/\/https:\/\/https:\/\/https:\/\/www.friedrich-spee-realschule-plus.de\/wp-content\/uploads\/2017\/10\/1.-Foto-Schweden-2017-300x225.jpg\" alt=\"\" width=\"271\" height=\"203\" srcset=\"https:\/\/www.friedrich-spee-realschule-plus.de\/wp-content\/uploads\/2017\/10\/1.-Foto-Schweden-2017-300x225.jpg 300w, https:\/\/www.friedrich-spee-realschule-plus.de\/wp-content\/uploads\/2017\/10\/1.-Foto-Schweden-2017-768x576.jpg 768w, https:\/\/www.friedrich-spee-realschule-plus.de\/wp-content\/uploads\/2017\/10\/1.-Foto-Schweden-2017.jpg 1440w, https:\/\/www.friedrich-spee-realschule-plus.de\/wp-content\/uploads\/2017\/10\/1.-Foto-Schweden-2017-150x113.jpg 150w\" sizes=\"auto, (max-width: 271px) 100vw, 271px\" \/> <\/strong><\/em><em><strong>Abschlie\u00dfend kann ich sagen, dass ich die Woche voll und g<\/strong><\/em><em><strong>anz genossen habe und ich mich gerne an die Schwedenfahrt zur\u00fcck erinnere. Vielen Dank an die Rotary-Teams aus Schweden und aus Deutschland, die uns das alles m\u00f6glich gemacht haben!<\/strong><\/em><\/p>\n<p><em><strong>Sofie Berners<\/strong><\/em><\/p>\n<hr>\n<h1>Der Pr\u00e4ventionsplan f\u00fcr dieses Schuljahr steht:<\/h1>\n<p><img loading=\"lazy\" decoding=\"async\" class=\"alignnone wp-image-1927\" src=\"https:\/\/https:\/\/https:\/\/https:\/\/www.friedrich-spee-realschule-plus.de\/wp-content\/uploads\/2016\/09\/Pr\u00e4ventionsplan-2017-300x213.png\" alt=\"\" width=\"585\" height=\"415\" srcset=\"https:\/\/www.friedrich-spee-realschule-plus.de\/wp-content\/uploads\/2016\/09\/Pr\u00e4ventionsplan-2017-300x213.png 300w, https:\/\/www.friedrich-spee-realschule-plus.de\/wp-content\/uploads\/2016\/09\/Pr\u00e4ventionsplan-2017-768x544.png 768w, https:\/\/www.friedrich-spee-realschule-plus.de\/wp-content\/uploads\/2016\/09\/Pr\u00e4ventionsplan-2017-150x106.png 150w, https:\/\/www.friedrich-spee-realschule-plus.de\/wp-content\/uploads\/2016\/09\/Pr\u00e4ventionsplan-2017.png 865w\" sizes=\"auto, (max-width: 585px) 100vw, 585px\" \/><\/p>\n<p>Das Pr\u00e4ventionsteam unserer Schule besteht aus dem verantwortlichen Lehrer Herrn Scheid, dem Schulleiter Herrn Coss\u00e9, der Schulsozialarbeiterin Frau Hermanns sowie weiteren engagierten Lehrerinnen und Lehrern.<\/p>\n<p>Wir sind stets darauf bedacht, in den jeweiligen Klassenstufen sowohl bew\u00e4hrte Projekte durchzuf\u00fchren als auch aktuelle Themen zu ber\u00fccksichtigen. Seit vielen Jahren arbeiten mit professionellen Kooperationspartnern zusammen: Carita Wittlich, Polizei Bernkastel-Kues, &#8222;Tour des Lebens&#8220; Mainz, Medienkompetenzzentrum Trier, Verbraucherzentrale Trier, Erlebnisp\u00e4dagogik Palais-eV Trier, Moselbahn Bernkastel-Kues, ADAC, Heinz Diedenhofen &#8222;Hein-Knack-Theater&#8220; und noch weitere.<\/p>\n<p>Wir glauben, dass es sehr wichtig ist, in die Pr\u00e4ventionsarbeit zu investieren und dass Sch\u00fclerinnen und Sch\u00fcler auf dieses Wissen zur\u00fcckgreifen k\u00f6nnen: Es ist &#8222;Lernen f\u00fcr das Leben&#8220;.<\/p>\n<p>Bei weiteren Fragen k\u00f6nnen Sie uns gerne ansprechen.<\/p>\n<h1>&nbsp;<\/h1>\n<hr>\n<h1>&nbsp;<\/h1>\n<h1>Klassentag mit der 5a<\/h1>\n<p>Schon direkt in der ersten Schulwoche f\u00fchrten Frau Hermanns und Frau Feye-Regnery einen Klassentag mit der 5a durch. Dabei konnten sich alle richtig gut kennenlernen und als Klasse zusammenwachsen.<\/p>\n<p><img loading=\"lazy\" decoding=\"async\" class=\"alignnone wp-image-1894\" src=\"https:\/\/https:\/\/https:\/\/https:\/\/www.friedrich-spee-realschule-plus.de\/wp-content\/uploads\/2016\/09\/Klassentag-5a-2017-Large-300x169.jpg\" alt=\"\" width=\"336\" height=\"189\" srcset=\"https:\/\/www.friedrich-spee-realschule-plus.de\/wp-content\/uploads\/2016\/09\/Klassentag-5a-2017-Large-300x169.jpg 300w, https:\/\/www.friedrich-spee-realschule-plus.de\/wp-content\/uploads\/2016\/09\/Klassentag-5a-2017-Large-768x432.jpg 768w, https:\/\/www.friedrich-spee-realschule-plus.de\/wp-content\/uploads\/2016\/09\/Klassentag-5a-2017-Large-150x84.jpg 150w, https:\/\/www.friedrich-spee-realschule-plus.de\/wp-content\/uploads\/2016\/09\/Klassentag-5a-2017-Large.jpg 1920w\" sizes=\"auto, (max-width: 336px) 100vw, 336px\" \/> Der &#8222;Heliumstab&#8220; war eine kniffelige Aufgabe f\u00fcr die Klasse, die sie aber sehr gut gemeistert hatte!<\/p>\n<p><img loading=\"lazy\" decoding=\"async\" class=\"alignnone wp-image-1893\" src=\"https:\/\/https:\/\/https:\/\/https:\/\/www.friedrich-spee-realschule-plus.de\/wp-content\/uploads\/2016\/09\/5c-Klassentag-2017-Large-300x169.jpg\" alt=\"\" width=\"336\" height=\"189\" srcset=\"https:\/\/www.friedrich-spee-realschule-plus.de\/wp-content\/uploads\/2016\/09\/5c-Klassentag-2017-Large-300x169.jpg 300w, https:\/\/www.friedrich-spee-realschule-plus.de\/wp-content\/uploads\/2016\/09\/5c-Klassentag-2017-Large-768x432.jpg 768w, https:\/\/www.friedrich-spee-realschule-plus.de\/wp-content\/uploads\/2016\/09\/5c-Klassentag-2017-Large-150x84.jpg 150w, https:\/\/www.friedrich-spee-realschule-plus.de\/wp-content\/uploads\/2016\/09\/5c-Klassentag-2017-Large.jpg 1920w\" sizes=\"auto, (max-width: 336px) 100vw, 336px\" \/> Gemeisames Tanzen brachte allen viel Spa\u00df, in der Klasse sind echte Tanztalente!<\/p>\n<p><img loading=\"lazy\" decoding=\"async\" class=\"alignnone size-medium wp-image-1896\" src=\"https:\/\/https:\/\/https:\/\/https:\/\/www.friedrich-spee-realschule-plus.de\/wp-content\/uploads\/2016\/09\/5a-Klassentag-2017-gut-300x225.jpg\" alt=\"\" width=\"300\" height=\"225\" srcset=\"https:\/\/www.friedrich-spee-realschule-plus.de\/wp-content\/uploads\/2016\/09\/5a-Klassentag-2017-gut-300x225.jpg 300w, https:\/\/www.friedrich-spee-realschule-plus.de\/wp-content\/uploads\/2016\/09\/5a-Klassentag-2017-gut-768x576.jpg 768w, https:\/\/www.friedrich-spee-realschule-plus.de\/wp-content\/uploads\/2016\/09\/5a-Klassentag-2017-gut.jpg 1440w, https:\/\/www.friedrich-spee-realschule-plus.de\/wp-content\/uploads\/2016\/09\/5a-Klassentag-2017-gut-150x113.jpg 150w\" sizes=\"auto, (max-width: 300px) 100vw, 300px\" \/><\/p>\n<p><strong><em>Liebe 5a: Vielen Dank f\u00fcr die Blumen!!!!! <\/em><\/strong><em><strong>Der Tag hat mir auch viel Spa\u00df gemacht und das Fr\u00fchst\u00fcck war sehr lecker, besonders die selbstgemachten Marmeladen,mmh&#8230;!&nbsp;&nbsp;&nbsp;&nbsp; Heike Hermanns<\/strong><\/em><\/p>\n<p><img loading=\"lazy\" decoding=\"async\" class=\"alignnone size-medium wp-image-1895\" src=\"https:\/\/https:\/\/https:\/\/https:\/\/www.friedrich-spee-realschule-plus.de\/wp-content\/uploads\/2016\/09\/Klassentag-2017-Klasse-5a-300x225.jpg\" alt=\"\" width=\"300\" height=\"225\" srcset=\"https:\/\/www.friedrich-spee-realschule-plus.de\/wp-content\/uploads\/2016\/09\/Klassentag-2017-Klasse-5a-300x225.jpg 300w, https:\/\/www.friedrich-spee-realschule-plus.de\/wp-content\/uploads\/2016\/09\/Klassentag-2017-Klasse-5a-768x576.jpg 768w, https:\/\/www.friedrich-spee-realschule-plus.de\/wp-content\/uploads\/2016\/09\/Klassentag-2017-Klasse-5a.jpg 1440w, https:\/\/www.friedrich-spee-realschule-plus.de\/wp-content\/uploads\/2016\/09\/Klassentag-2017-Klasse-5a-150x113.jpg 150w\" sizes=\"auto, (max-width: 300px) 100vw, 300px\" \/><\/p>\n<hr>\n<h1>&nbsp;<\/h1>\n<h1>Klassentag mit der 6c<\/h1>\n<p>Die Klasse 6c verbrachte einen Klassentag mit Frau Hermanns und den beiden Klassenlehrerinnen Frau Wa\u00dfmer und Frau Mattes, um mit einer gut gest\u00e4rkten Klassengemeinschaft in das neue Schuljahr zu starten. Bei dem Klassentag ging es darum, zu sehen, was schon sehr gut in der Klasse funktioniert und darum, was noch verbessert werden kann.<\/p>\n<p>Bei herrlichem Wetter konnte ein Teil des Klassentages nach drau\u00dfen verlegt werden. Die Kinder brachten leckeres Essen von zuhause mit und alle konnten am Moselufer picknicken.<\/p>\n<p>Alle Team\u00fcbungen st\u00e4rkten das Gemeinschaftsgef\u00fchl, jeder machte mit und jeder hatte Spa\u00df.<\/p>\n<h6><img loading=\"lazy\" decoding=\"async\" class=\"alignnone wp-image-1883\" src=\"https:\/\/https:\/\/https:\/\/https:\/\/www.friedrich-spee-realschule-plus.de\/wp-content\/uploads\/2017\/09\/Klassentag-6c-2017-Foto-Large-300x169.jpg\" alt=\"\" width=\"358\" height=\"201\" srcset=\"https:\/\/www.friedrich-spee-realschule-plus.de\/wp-content\/uploads\/2017\/09\/Klassentag-6c-2017-Foto-Large-300x169.jpg 300w, https:\/\/www.friedrich-spee-realschule-plus.de\/wp-content\/uploads\/2017\/09\/Klassentag-6c-2017-Foto-Large-768x433.jpg 768w, https:\/\/www.friedrich-spee-realschule-plus.de\/wp-content\/uploads\/2017\/09\/Klassentag-6c-2017-Foto-Large.jpg 1916w, https:\/\/www.friedrich-spee-realschule-plus.de\/wp-content\/uploads\/2017\/09\/Klassentag-6c-2017-Foto-Large-150x85.jpg 150w\" sizes=\"auto, (max-width: 358px) 100vw, 358px\" \/> Die &#8222;Blindenf\u00fchrung&#8220; ist eine Vertrauens\u00fcbung: Die Gruppe schlie\u00dft die Augen und einer lotst sie sicher durch das Gel\u00e4nde.<\/h6>\n<h6><img loading=\"lazy\" decoding=\"async\" class=\"alignnone wp-image-1882\" src=\"https:\/\/https:\/\/https:\/\/https:\/\/www.friedrich-spee-realschule-plus.de\/wp-content\/uploads\/2017\/09\/Klassentag-6c-2017-Large-300x169.jpg\" alt=\"\" width=\"355\" height=\"200\" srcset=\"https:\/\/www.friedrich-spee-realschule-plus.de\/wp-content\/uploads\/2017\/09\/Klassentag-6c-2017-Large-300x169.jpg 300w, https:\/\/www.friedrich-spee-realschule-plus.de\/wp-content\/uploads\/2017\/09\/Klassentag-6c-2017-Large-768x433.jpg 768w, https:\/\/www.friedrich-spee-realschule-plus.de\/wp-content\/uploads\/2017\/09\/Klassentag-6c-2017-Large.jpg 1916w, https:\/\/www.friedrich-spee-realschule-plus.de\/wp-content\/uploads\/2017\/09\/Klassentag-6c-2017-Large-150x85.jpg 150w\" sizes=\"auto, (max-width: 355px) 100vw, 355px\" \/> Der &#8222;Gordische Knoten&#8220; ist eine \u00dcbung, bei der alle einander helfen, wieder im gro\u00dfen Kreis zusammen zu stehen.<\/h6>\n<p><img loading=\"lazy\" decoding=\"async\" class=\"alignnone wp-image-1884\" src=\"https:\/\/https:\/\/https:\/\/https:\/\/www.friedrich-spee-realschule-plus.de\/wp-content\/uploads\/2017\/09\/Foto-2-Klassentag-6c-2017-149x300.jpg\" alt=\"\" width=\"175\" height=\"352\" srcset=\"https:\/\/www.friedrich-spee-realschule-plus.de\/wp-content\/uploads\/2017\/09\/Foto-2-Klassentag-6c-2017-149x300.jpg 149w, https:\/\/www.friedrich-spee-realschule-plus.de\/wp-content\/uploads\/2017\/09\/Foto-2-Klassentag-6c-2017-74x150.jpg 74w\" sizes=\"auto, (max-width: 175px) 100vw, 175px\" \/><\/p>\n<p><strong>&#8230;<em>mir hat es auch Spa\u00df gemacht, Ihr seid eine tolle Klasse! <\/em><\/strong><\/p>\n<p><strong><em>Heike Hermanns<\/em><\/strong><\/p>\n<hr>\n<h1>&nbsp;<\/h1>\n<h1>Gro\u00dfe Patenfeier f\u00fcr unsere neuen F\u00fcnftkl\u00e4ssler<\/h1>\n<p>In der ersten Schulwoche war es wieder soweit: Unsere F\u00fcnftkl\u00e4ssler lernten ihre Paten in einer 2-st\u00fcndigen Feier kennen.<\/p>\n<p><img loading=\"lazy\" decoding=\"async\" class=\"alignnone wp-image-1876\" src=\"https:\/\/https:\/\/https:\/\/https:\/\/www.friedrich-spee-realschule-plus.de\/wp-content\/uploads\/2016\/09\/Patenfeier-2017-5a-Medium-300x93.jpg\" alt=\"\" width=\"613\" height=\"190\" srcset=\"https:\/\/www.friedrich-spee-realschule-plus.de\/wp-content\/uploads\/2016\/09\/Patenfeier-2017-5a-Medium-300x93.jpg 300w, https:\/\/www.friedrich-spee-realschule-plus.de\/wp-content\/uploads\/2016\/09\/Patenfeier-2017-5a-Medium-768x238.jpg 768w, https:\/\/www.friedrich-spee-realschule-plus.de\/wp-content\/uploads\/2016\/09\/Patenfeier-2017-5a-Medium-150x47.jpg 150w, https:\/\/www.friedrich-spee-realschule-plus.de\/wp-content\/uploads\/2016\/09\/Patenfeier-2017-5a-Medium.jpg 1366w\" sizes=\"auto, (max-width: 613px) 100vw, 613px\" \/>Klasse 5a mit ihren Paten<\/p>\n<p><img loading=\"lazy\" decoding=\"async\" class=\"alignnone wp-image-1877\" src=\"https:\/\/https:\/\/https:\/\/https:\/\/www.friedrich-spee-realschule-plus.de\/wp-content\/uploads\/2016\/09\/Patenfeier-2017-5b-Medium-300x93.jpg\" alt=\"\" width=\"610\" height=\"189\" srcset=\"https:\/\/www.friedrich-spee-realschule-plus.de\/wp-content\/uploads\/2016\/09\/Patenfeier-2017-5b-Medium-300x93.jpg 300w, https:\/\/www.friedrich-spee-realschule-plus.de\/wp-content\/uploads\/2016\/09\/Patenfeier-2017-5b-Medium-768x238.jpg 768w, https:\/\/www.friedrich-spee-realschule-plus.de\/wp-content\/uploads\/2016\/09\/Patenfeier-2017-5b-Medium-150x46.jpg 150w, https:\/\/www.friedrich-spee-realschule-plus.de\/wp-content\/uploads\/2016\/09\/Patenfeier-2017-5b-Medium.jpg 1366w\" sizes=\"auto, (max-width: 610px) 100vw, 610px\" \/>Klasse 5b mit ihren Paten<\/p>\n<p><img loading=\"lazy\" decoding=\"async\" class=\"alignnone wp-image-1878\" src=\"https:\/\/https:\/\/https:\/\/https:\/\/www.friedrich-spee-realschule-plus.de\/wp-content\/uploads\/2016\/09\/Patenfeier-2017-5c-Medium-300x95.jpg\" alt=\"\" width=\"613\" height=\"194\" srcset=\"https:\/\/www.friedrich-spee-realschule-plus.de\/wp-content\/uploads\/2016\/09\/Patenfeier-2017-5c-Medium-300x95.jpg 300w, https:\/\/www.friedrich-spee-realschule-plus.de\/wp-content\/uploads\/2016\/09\/Patenfeier-2017-5c-Medium-768x242.jpg 768w, https:\/\/www.friedrich-spee-realschule-plus.de\/wp-content\/uploads\/2016\/09\/Patenfeier-2017-5c-Medium-150x47.jpg 150w, https:\/\/www.friedrich-spee-realschule-plus.de\/wp-content\/uploads\/2016\/09\/Patenfeier-2017-5c-Medium.jpg 1366w\" sizes=\"auto, (max-width: 613px) 100vw, 613px\" \/>Klasse 5c mit ihren Paten<\/p>\n<p>Jetzt k\u00f6nnen die 70 Paten loslegen und sich ein Jahr lang um ihren pers\u00f6nlichen Sch\u00fctzling k\u00fcmmern: Im Bus helfen; nachfragen, wie es in der Schule l\u00e4uft; Unterst\u00fctzung in den F\u00e4chern anbieten; sich vielleicht sogar einmal nachmittags treffen. Nach einem engagierten Jahr bekommt der Pate von der Projektbetreuerin Frau Hermanns eine Bescheinigung f\u00fcr engagiertes Sch\u00fclerverhalten.<\/p>\n<p><strong><em>&#8230;ich freue mich jetzt schon auf die vielen Aktionen, die Ihr zusammen machen werdet &#8211; viel Spa\u00df dabei! <\/em><\/strong><\/p>\n<p><strong><em>Heike Hermanns<\/em><\/strong><\/p>\n<hr>\n<h1>Sch\u00fclerteam der Friedrich-Spee-Realschule plus Neumagen-Dhron gewinnt Reise nach Schweden<\/h1>\n<h3>Projekt aus Neumagen-Dhron in Berlin ausgezeichnet<\/h3>\n<p>Bei dem Bundeswettbewerb Sozial Engagierter Sch\u00fcler der Rotaract Doing Good Challenge 2016\/17 in Berlin wurden die Sieger geehrt. Unter den Bestplatzierten befindet sich auch ein Projekt aus der Region.<br \/>Um soziales Engagement unter Jugendlichen zu f\u00f6rdern schrieb der Rotary und Rotaract Club, unter der Schirmherrschaft des Bundesfamilienministeriums, die Doing Good Challenge aus. Durch eine sehr erfolgreiche Social Media Kampagne warben die Clubs f\u00fcr die Teilnahme an Schulen in ganz Deutschland. Der Erfolg war au\u00dferordentlich. F\u00fcr die Teamaktionen bewarben sich insgesamt 62 Teams mit \u00fcber 250 Jugendlichen. Um den Sonderpreis f\u00fcr gr\u00f6\u00dfere Gruppen bewarben sich mehr als 100 Schulen aus dem ganzen Bundesgebiet. Insgesamt konnte die Doing Good Challenge damit rund 11.000 Menschen aktivieren.<br \/>Gesponsert wurde der Wettbewerb vom Hafen Trier, dem Bundesministerium f\u00fcr Familie, Senioren, Frauen und Jugend, der Europa-Park GmbH &amp; Co Mack KG, der Aesculap AG und der Globus-Stiftung.<br \/>Nach einer gr\u00fcndlichen Sichtung aller Projekte, ehrte die Jury am 23. Juni in Berlin die Sieger.<br \/>Dem erstplatzierten Team winkt nun eine zweiw\u00f6chige Reise in die USA, die ganz im Zeichen des kulturellen Austausches stehen wird. Die Sieger der Pl\u00e4tze zwei bis sechs werden in verschiedene europ\u00e4ische L\u00e4nder reisen. Diese Reisen werden unter anderem von den Rotary- und Rotaract-Clubs in Washington D.C., Malm\u00f6, Mailand und Athen organisiert. Dazu ist die Doing Good Challenge f\u00fcr den Deutschen Engagementpreis 2017 nominiert, der den Hauptpreistr\u00e4gern eine zus\u00e4tzliche Chance auf bis zu 10.000 Euro Preisgeld verhei\u00dft.<\/p>\n<p><a href=\"https:\/\/https:\/\/https:\/\/https:\/\/www.friedrich-spee-realschule-plus.de\/wp-content\/uploads\/2016\/09\/Preisverleihung.jpeg\"><img loading=\"lazy\" decoding=\"async\" class=\"alignnone wp-image-1835\" src=\"https:\/\/https:\/\/https:\/\/https:\/\/www.friedrich-spee-realschule-plus.de\/wp-content\/uploads\/2016\/09\/Preisverleihung-300x225.jpeg\" alt=\"\" width=\"518\" height=\"388\" srcset=\"https:\/\/www.friedrich-spee-realschule-plus.de\/wp-content\/uploads\/2016\/09\/Preisverleihung-300x225.jpeg 300w, https:\/\/www.friedrich-spee-realschule-plus.de\/wp-content\/uploads\/2016\/09\/Preisverleihung-768x576.jpeg 768w, https:\/\/www.friedrich-spee-realschule-plus.de\/wp-content\/uploads\/2016\/09\/Preisverleihung-150x113.jpeg 150w, https:\/\/www.friedrich-spee-realschule-plus.de\/wp-content\/uploads\/2016\/09\/Preisverleihung.jpeg 1280w\" sizes=\"auto, (max-width: 518px) 100vw, 518px\" \/><\/a><br \/>Auch ein Projekt aus der Region wurde in Berlin ausgezeichnet. Sch\u00fcler aus der 8. und 9. Klasse der Friedrich-Spee-Realschule plus in Neumagen-Dhron konzeptionierten und produzierten unter der Leitung der Schulsozialarbeiterin Heike Hermanns das \u201eNotfallmonster-Buch\u201c. Dieses Handbuch richtet sich an Jugendliche der 5. bis 8. Klasse in Notsituationen, in denen die Sch\u00fcler nicht mit anderen sprechen wollen oder k\u00f6nnen. Neben Tipps und Aufmunterungen enth\u00e4lt das Buch auch Kontaktdaten f\u00fcr viele Anlaufstellen, an die sich die Sch\u00fcler bei Bedarf wenden k\u00f6nnen. Dieses Buch ist etwas ganz Besonderes und etwas, was es in der Form vorher noch nicht gab, wei\u00df Frau Hermanns. Sie freut sich, dass das Projekt nach einem halben Jahr intensiver Arbeit so erfolgreich gew\u00fcrdigt wurde.<\/p>\n<p><strong><em>&#8230;ich bin sehr sehr stolz auf Euch &#8211; das Buch ist auch wirklich klasse geworden! <\/em><\/strong><\/p>\n<p><strong><em>Heike Hermanns<\/em><\/strong><\/p>\n<hr>\n<h1>Das Hilfebuch f\u00fcr unsere Sch\u00fclerinnen und Sch\u00fcler<\/h1>\n<p><img loading=\"lazy\" decoding=\"async\" class=\"alignnone wp-image-1840 size-full\" src=\"https:\/\/https:\/\/https:\/\/https:\/\/www.friedrich-spee-realschule-plus.de\/wp-content\/uploads\/2016\/09\/2017-Comic-Bild-Medium.png\" alt=\"\" width=\"542\" height=\"768\" srcset=\"https:\/\/www.friedrich-spee-realschule-plus.de\/wp-content\/uploads\/2016\/09\/2017-Comic-Bild-Medium.png 542w, https:\/\/www.friedrich-spee-realschule-plus.de\/wp-content\/uploads\/2016\/09\/2017-Comic-Bild-Medium-212x300.png 212w, https:\/\/www.friedrich-spee-realschule-plus.de\/wp-content\/uploads\/2016\/09\/2017-Comic-Bild-Medium-106x150.png 106w\" sizes=\"auto, (max-width: 542px) 100vw, 542px\" \/><\/p>\n<p><strong>&#8230;<em>bitte kommt in mein B\u00fcro, dort gibt es ein Buch f\u00fcr Euch!<\/em><\/strong><\/p>\n<p><strong><em>Heike Hermanns<\/em><\/strong><\/p>","protected":false},"excerpt":{"rendered":"<p>Mit dem Gewinner-Team vom Doing-Good-Challenge in Wilhelmshaven Die Sunlight Stars haben einen Auftritt in Leiwen \ud83d\ude42 unser Super Chor \ud83d\ude42 Unser Mosaik-Projekt ist fertig. Drei Monate lang haben f\u00fcnf Sch\u00fcler der 7. Klassen an ihrem Mosaikbild gearbeitet. Jetzt hei\u00dfen die f\u00fcnf Sch\u00fcler (und die zwei Schulhunde) alle an der Schule&#8230;<\/p>\n<p> <a class=\"continue-reading-link\" href=\"https:\/\/www.friedrich-spee-realschule-plus.de\/?page_id=1539\"><span>Weiter lesen ?<\/span><i class=\"crycon-right-dir\"><\/i><\/a> <\/p>\n","protected":false},"author":3,"featured_media":0,"parent":215,"menu_order":0,"comment_status":"closed","ping_status":"closed","template":"","meta":{"footnotes":""},"class_list":["post-1539","page","type-page","status-publish","hentry"],"_links":{"self":[{"href":"https:\/\/www.friedrich-spee-realschule-plus.de\/index.php?rest_route=\/wp\/v2\/pages\/1539","targetHints":{"allow":["GET"]}}],"collection":[{"href":"https:\/\/www.friedrich-spee-realschule-plus.de\/index.php?rest_route=\/wp\/v2\/pages"}],"about":[{"href":"https:\/\/www.friedrich-spee-realschule-plus.de\/index.php?rest_route=\/wp\/v2\/types\/page"}],"author":[{"embeddable":true,"href":"https:\/\/www.friedrich-spee-realschule-plus.de\/index.php?rest_route=\/wp\/v2\/users\/3"}],"replies":[{"embeddable":true,"href":"https:\/\/www.friedrich-spee-realschule-plus.de\/index.php?rest_route=%2Fwp%2Fv2%2Fcomments&post=1539"}],"version-history":[{"count":79,"href":"https:\/\/www.friedrich-spee-realschule-plus.de\/index.php?rest_route=\/wp\/v2\/pages\/1539\/revisions"}],"predecessor-version":[{"id":5075,"href":"https:\/\/www.friedrich-spee-realschule-plus.de\/index.php?rest_route=\/wp\/v2\/pages\/1539\/revisions\/5075"}],"up":[{"embeddable":true,"href":"https:\/\/www.friedrich-spee-realschule-plus.de\/index.php?rest_route=\/wp\/v2\/pages\/215"}],"wp:attachment":[{"href":"https:\/\/www.friedrich-spee-realschule-plus.de\/index.php?rest_route=%2Fwp%2Fv2%2Fmedia&parent=1539"}],"curies":[{"name":"wp","href":"https:\/\/api.w.org\/{rel}","templated":true}]}}